{"id":1127,"date":"2025-10-23T14:45:23","date_gmt":"2025-10-23T12:45:23","guid":{"rendered":"https:\/\/www.leparcdelagreve.com\/startpagina\/"},"modified":"2026-04-08T09:58:51","modified_gmt":"2026-04-08T07:58:51","slug":"startpagina","status":"publish","type":"page","link":"https:\/\/www.leparcdelagreve.com\/nl\/","title":{"rendered":"Startpagina"},"content":{"rendered":"<div class=\"diaporama-header align-full\"><div class=\"gallery\"><figure class=\"gallery__item\"><picture><source srcset=\"https:\/\/www.leparcdelagreve.com\/wp-content\/uploads\/2025\/11\/Maeva_Parc_de_la_Greve_Drone6-420x280.webp\" media=\"(max-width: 210px)\"><source srcset=\"https:\/\/www.leparcdelagreve.com\/wp-content\/uploads\/2025\/11\/Maeva_Parc_de_la_Greve_Drone6-850x566.webp\" media=\"(max-width: 420px)\"><source srcset=\"https:\/\/www.leparcdelagreve.com\/wp-content\/uploads\/2025\/11\/Maeva_Parc_de_la_Greve_Drone6-768x511.webp\" media=\"(max-width: 850px)\"><source srcset=\"https:\/\/www.leparcdelagreve.com\/wp-content\/uploads\/2025\/11\/Maeva_Parc_de_la_Greve_Drone6-1024x682.webp\" media=\"(max-width: 1024px)\"><source srcset=\"https:\/\/www.leparcdelagreve.com\/wp-content\/uploads\/2025\/11\/Maeva_Parc_de_la_Greve_Drone6.webp\" media=\"(min-width: 1025px)\"><img loading=\"lazy\" decoding=\"async\" src=\"https:\/\/www.leparcdelagreve.com\/wp-content\/uploads\/2025\/11\/Maeva_Parc_de_la_Greve_Drone6-420x280.webp\" width=\"420\" height=\"210\" alt=\"\" title=\"\"><\/picture><\/figure><\/div><div class=\"diaporama-header__inner\"><h1>Welkom bij Camping<span class=\"fc-span\"> Le Parc de la Gr\u00e8ve****<\/span><\/h1><div class=\"group hide-mob\"><p class=\"center\" style=\"text-align: center;\"  >Wacht niet langer!<\/p><div class=\"buttons display-flex \" style=\"justify-content:center;\"><span class=\"buttons__btn btn-resa is-style-1\">Nu reserveren <span class=\"fc-icon\"><svg xmlns=\"http:\/\/www.w3.org\/2000\/svg\"  viewBox=\"0 0 448 512\" width=\"16px\" height=\"16px\"><!--! Font Awesome Pro 6.4.2 by @fontawesome - https:\/\/fontawesome.com License - https:\/\/fontawesome.com\/license (Commercial License) Copyright 2023 Fonticons, Inc.--><path d=\"M438.6 278.6c12.5-12.5 12.5-32.8 0-45.3l-160-160c-12.5-12.5-32.8-12.5-45.3 0s-12.5 32.8 0 45.3L338.8 224 32 224c-17.7 0-32 14.3-32 32s14.3 32 32 32l306.7 0L233.4 393.4c-12.5 12.5-12.5 32.8 0 45.3s32.8 12.5 45.3 0l160-160z\"\/><\/svg><\/span><\/span><\/div><figure class=\"bg\"><picture><source srcset=\"https:\/\/www.leparcdelagreve.com\/wp-content\/uploads\/2025\/10\/form-group-420x96.webp\" media=\"(max-width: 210px)\"><source srcset=\"https:\/\/www.leparcdelagreve.com\/wp-content\/uploads\/2025\/10\/form-group-850x194.webp\" media=\"(max-width: 420px)\"><source srcset=\"https:\/\/www.leparcdelagreve.com\/wp-content\/uploads\/2025\/10\/form-group-768x176.webp\" media=\"(max-width: 850px)\"><source srcset=\"https:\/\/www.leparcdelagreve.com\/wp-content\/uploads\/2025\/10\/form-group-1024x234.webp\" media=\"(max-width: 1024px)\"><source srcset=\"https:\/\/www.leparcdelagreve.com\/wp-content\/uploads\/2025\/10\/form-group.webp\" media=\"(min-width: 1025px)\"><img decoding=\"async\" src=\"https:\/\/www.leparcdelagreve.com\/wp-content\/uploads\/2025\/10\/form-group-420x96.webp\" width=\"420\" height=\"210\" loading=\"lazy\" alt=\"\" title=\"\"><\/picture><\/figure><\/div><figure class=\"form\"><picture><source srcset=\"https:\/\/www.leparcdelagreve.com\/wp-content\/uploads\/2025\/10\/form-diapo-header-420x28.webp\" media=\"(max-width: 210px)\"><source srcset=\"https:\/\/www.leparcdelagreve.com\/wp-content\/uploads\/2025\/10\/form-diapo-header-850x57.webp\" media=\"(max-width: 420px)\"><source srcset=\"https:\/\/www.leparcdelagreve.com\/wp-content\/uploads\/2025\/10\/form-diapo-header-768x51.webp\" media=\"(max-width: 850px)\"><source srcset=\"https:\/\/www.leparcdelagreve.com\/wp-content\/uploads\/2025\/10\/form-diapo-header-1024x68.webp\" media=\"(max-width: 1024px)\"><source srcset=\"https:\/\/www.leparcdelagreve.com\/wp-content\/uploads\/2025\/10\/form-diapo-header.webp\" media=\"(min-width: 1025px)\"><img loading=\"lazy\" decoding=\"async\" src=\"https:\/\/www.leparcdelagreve.com\/wp-content\/uploads\/2025\/10\/form-diapo-header-420x28.webp\" width=\"420\" height=\"210\" alt=\"\" title=\"\"><\/picture><\/figure><\/div><\/div><div class=\"group sec-05\"><div class=\"columns\"><div class=\"columns__item fade-left hide-mob\"><div class=\"gallery\"><figure class=\"gallery__item\"><picture><source srcset=\"https:\/\/www.leparcdelagreve.com\/wp-content\/uploads\/2025\/11\/Le-Parc-de-la-Greve-ETANG-9-07.06.01-420x279.webp\" media=\"(max-width: 210px)\"><source srcset=\"https:\/\/www.leparcdelagreve.com\/wp-content\/uploads\/2025\/11\/Le-Parc-de-la-Greve-ETANG-9-07.06.01-850x565.webp\" media=\"(max-width: 420px)\"><source srcset=\"https:\/\/www.leparcdelagreve.com\/wp-content\/uploads\/2025\/11\/Le-Parc-de-la-Greve-ETANG-9-07.06.01-768x511.webp\" media=\"(max-width: 850px)\"><source srcset=\"https:\/\/www.leparcdelagreve.com\/wp-content\/uploads\/2025\/11\/Le-Parc-de-la-Greve-ETANG-9-07.06.01-1024x681.webp\" media=\"(max-width: 1024px)\"><source srcset=\"https:\/\/www.leparcdelagreve.com\/wp-content\/uploads\/2025\/11\/Le-Parc-de-la-Greve-ETANG-9-07.06.01.webp\" media=\"(min-width: 1025px)\"><img decoding=\"async\" src=\"https:\/\/www.leparcdelagreve.com\/wp-content\/uploads\/2025\/11\/Le-Parc-de-la-Greve-ETANG-9-07.06.01-420x279.webp\" width=\"420\" height=\"210\" loading=\"lazy\" alt=\"\" title=\"\"><\/picture><\/figure><figure class=\"gallery__item\"><picture><source srcset=\"https:\/\/www.leparcdelagreve.com\/wp-content\/uploads\/2025\/11\/IMG_20240519_104202-315x420.webp\" media=\"(max-width: 210px)\"><source srcset=\"https:\/\/www.leparcdelagreve.com\/wp-content\/uploads\/2025\/11\/IMG_20240519_104202-638x850.webp\" media=\"(max-width: 420px)\"><source srcset=\"https:\/\/www.leparcdelagreve.com\/wp-content\/uploads\/2025\/11\/IMG_20240519_104202-768x1024.webp\" media=\"(max-width: 850px)\"><source srcset=\"https:\/\/www.leparcdelagreve.com\/wp-content\/uploads\/2025\/11\/IMG_20240519_104202-768x1024.webp\" media=\"(max-width: 1024px)\"><source srcset=\"https:\/\/www.leparcdelagreve.com\/wp-content\/uploads\/2025\/11\/IMG_20240519_104202.webp\" media=\"(min-width: 1025px)\"><img decoding=\"async\" src=\"https:\/\/www.leparcdelagreve.com\/wp-content\/uploads\/2025\/11\/IMG_20240519_104202-315x420.webp\" width=\"420\" height=\"210\" loading=\"lazy\" alt=\"\" title=\"\"><\/picture><\/figure><\/div><\/div><div class=\"columns__item fade-right\" style=\"align-self:center;\"><h2>Le Parc de la Gr\u00e8ve, uw oase van natuur in de Vend\u00e9e<\/h2><p    >Welkom bij de 4-sterren Camping Ushua\u00efa Villages Le Parc de la Gr\u00e8ve in L\u2019Aiguillon-sur-Vie, nabij Saint-Gilles-Croix-de-Vie in de Vend\u00e9e. Deze gezinscamping van 2,5 hectare, midden in het groen, biedt u een rustige, natuurlijke en gezellige omgeving voor een ontspannen vakantie. Tussen zee, natuur en platteland geniet u hier van een authentieke gezinsvakantie in de Vend\u00e9e.  <\/p><div class=\"buttons\"><span class=\"buttons__btn btn-resa\">Nu reserveren <span class=\"fc-icon\"><svg xmlns=\"http:\/\/www.w3.org\/2000\/svg\"  viewBox=\"0 0 448 512\" width=\"16px\" height=\"16px\"><!--! Font Awesome Pro 6.4.2 by @fontawesome - https:\/\/fontawesome.com License - https:\/\/fontawesome.com\/license (Commercial License) Copyright 2023 Fonticons, Inc.--><path d=\"M438.6 278.6c12.5-12.5 12.5-32.8 0-45.3l-160-160c-12.5-12.5-32.8-12.5-45.3 0s-12.5 32.8 0 45.3L338.8 224 32 224c-17.7 0-32 14.3-32 32s14.3 32 32 32l306.7 0L233.4 393.4c-12.5 12.5-12.5 32.8 0 45.3s32.8 12.5 45.3 0l160-160z\"\/><\/svg><\/span><\/span><\/div><\/div><\/div><div class=\"columns\" style=\"align-items:center;\"><div class=\"columns__item fade-left\" style=\"align-self:center;\"><div class=\"gallery f-carousel fc-diapo-mob\" data-fancybox=\"gallery-mob\"><figure class=\"gallery__item\"><picture><source srcset=\"https:\/\/www.leparcdelagreve.com\/wp-content\/uploads\/2025\/11\/Le-Parc-de-la-Greve-TOBOGGAN-7-07.06.01-420x279.webp\" media=\"(max-width: 210px)\"><source srcset=\"https:\/\/www.leparcdelagreve.com\/wp-content\/uploads\/2025\/11\/Le-Parc-de-la-Greve-TOBOGGAN-7-07.06.01-850x565.webp\" media=\"(max-width: 420px)\"><source srcset=\"https:\/\/www.leparcdelagreve.com\/wp-content\/uploads\/2025\/11\/Le-Parc-de-la-Greve-TOBOGGAN-7-07.06.01-768x511.webp\" media=\"(max-width: 850px)\"><source srcset=\"https:\/\/www.leparcdelagreve.com\/wp-content\/uploads\/2025\/11\/Le-Parc-de-la-Greve-TOBOGGAN-7-07.06.01-1024x681.webp\" media=\"(max-width: 1024px)\"><source srcset=\"https:\/\/www.leparcdelagreve.com\/wp-content\/uploads\/2025\/11\/Le-Parc-de-la-Greve-TOBOGGAN-7-07.06.01.webp\" media=\"(min-width: 1025px)\"><img decoding=\"async\" src=\"https:\/\/www.leparcdelagreve.com\/wp-content\/uploads\/2025\/11\/Le-Parc-de-la-Greve-TOBOGGAN-7-07.06.01-420x279.webp\" width=\"420\" height=\"210\" loading=\"lazy\" alt=\"\" title=\"\"><\/picture><\/figure><figure class=\"gallery__item show-mob\"><picture><source srcset=\"https:\/\/www.leparcdelagreve.com\/wp-content\/uploads\/2025\/11\/Le-Parc-de-la-Greve-ETANG-9-07.06.01-420x279.webp\" media=\"(max-width: 210px)\"><source srcset=\"https:\/\/www.leparcdelagreve.com\/wp-content\/uploads\/2025\/11\/Le-Parc-de-la-Greve-ETANG-9-07.06.01-850x565.webp\" media=\"(max-width: 420px)\"><source srcset=\"https:\/\/www.leparcdelagreve.com\/wp-content\/uploads\/2025\/11\/Le-Parc-de-la-Greve-ETANG-9-07.06.01-768x511.webp\" media=\"(max-width: 850px)\"><source srcset=\"https:\/\/www.leparcdelagreve.com\/wp-content\/uploads\/2025\/11\/Le-Parc-de-la-Greve-ETANG-9-07.06.01-1024x681.webp\" media=\"(max-width: 1024px)\"><source srcset=\"https:\/\/www.leparcdelagreve.com\/wp-content\/uploads\/2025\/11\/Le-Parc-de-la-Greve-ETANG-9-07.06.01.webp\" media=\"(min-width: 1025px)\"><img decoding=\"async\" src=\"https:\/\/www.leparcdelagreve.com\/wp-content\/uploads\/2025\/11\/Le-Parc-de-la-Greve-ETANG-9-07.06.01-420x279.webp\" width=\"420\" height=\"210\" loading=\"lazy\" alt=\"\" title=\"\"><\/picture><\/figure><figure class=\"gallery__item show-mob\"><picture><source srcset=\"https:\/\/www.leparcdelagreve.com\/wp-content\/uploads\/2025\/11\/IMG_20240519_104202-315x420.webp\" media=\"(max-width: 210px)\"><source srcset=\"https:\/\/www.leparcdelagreve.com\/wp-content\/uploads\/2025\/11\/IMG_20240519_104202-638x850.webp\" media=\"(max-width: 420px)\"><source srcset=\"https:\/\/www.leparcdelagreve.com\/wp-content\/uploads\/2025\/11\/IMG_20240519_104202-768x1024.webp\" media=\"(max-width: 850px)\"><source srcset=\"https:\/\/www.leparcdelagreve.com\/wp-content\/uploads\/2025\/11\/IMG_20240519_104202-768x1024.webp\" media=\"(max-width: 1024px)\"><source srcset=\"https:\/\/www.leparcdelagreve.com\/wp-content\/uploads\/2025\/11\/IMG_20240519_104202.webp\" media=\"(min-width: 1025px)\"><img decoding=\"async\" src=\"https:\/\/www.leparcdelagreve.com\/wp-content\/uploads\/2025\/11\/IMG_20240519_104202-315x420.webp\" width=\"420\" height=\"210\" loading=\"lazy\" alt=\"\" title=\"\"><\/picture><\/figure><\/div><\/div><div class=\"columns__item fade-right\" style=\"align-self:center;\"><p class=\"wording big\"   >Een warme cocon van <span class=\"fc-span\">verbondenheid <\/span>voor jong en oud<\/p><\/div><\/div><\/div><ul class=\"pictos big\"><li class=\"fade-down\"><span class=\"fc-icon\"><svg xmlns=\"http:\/\/www.w3.org\/2000\/svg\"  viewBox=\"0 0 512 512\" width=\"16px\" height=\"16px\"><!--! Font Awesome Pro 6.4.2 by @fontawesome - https:\/\/fontawesome.com License - https:\/\/fontawesome.com\/license (Commercial License) Copyright 2023 Fonticons, Inc.--><path d=\"M177.7 95.6c-.9 4.5-3.8 8.4-7.8 10.6s-8.8 2.7-13.1 1.2c-6.5-2.2-13.5-3.5-20.8-3.5c-35.3 0-64 28.7-64 64c0 13.2 4 25.4 10.8 35.6c2.8 4.1 3.5 9.3 1.9 14s-5.2 8.4-9.9 10C49.9 236.3 32 260.1 32 288c0 35.3 28.7 64 64 64H240V320 256 144c0-8.8 7.2-16 16-16s16 7.2 16 16V256v64 32H416c35.3 0 64-28.7 64-64c0-27.9-17.9-51.7-42.8-60.4c-4.7-1.6-8.3-5.3-9.9-10s-.9-9.9 1.9-14C436 193.4 440 181.2 440 168c0-35.3-28.7-64-64-64c-7.3 0-14.3 1.2-20.8 3.5c-4.3 1.5-9.1 1-13.1-1.2s-6.8-6.1-7.8-10.6C326.8 59.3 294.5 32 256 32s-70.8 27.3-78.3 63.6zM240 384H96c-53 0-96-43-96-96c0-35.3 19.1-66.2 47.5-82.8c-4.8-11.4-7.5-24-7.5-37.2c0-53 43-96 96-96c5.1 0 10.1 .4 14.9 1.2C166.7 30.4 207.8 0 256 0s89.3 30.4 105.1 73.2c4.9-.8 9.9-1.2 14.9-1.2c53 0 96 43 96 96c0 13.2-2.7 25.7-7.5 37.2C492.9 221.8 512 252.7 512 288c0 53-43 96-96 96H272V496c0 8.8-7.2 16-16 16s-16-7.2-16-16V384z\"\/><\/svg><\/span> Natuurlijk\n<\/li><li class=\"fade-up\"><span class=\"fc-icon\"><svg xmlns=\"http:\/\/www.w3.org\/2000\/svg\"  viewBox=\"0 0 512 512\" width=\"16px\" height=\"16px\"><!--! Font Awesome Pro 6.4.2 by @fontawesome - https:\/\/fontawesome.com License - https:\/\/fontawesome.com\/license (Commercial License) Copyright 2023 Fonticons, Inc.--><path d=\"M128 96a32 32 0 1 0 0-64 32 32 0 1 0 0 64zm0-96a64 64 0 1 1 0 128A64 64 0 1 1 128 0zM105.6 192c-25 0-45.8 19.1-47.8 44l-4.1 49.3C52.1 304 66.8 320 85.6 320h59.6c-.7 5.2-1.1 10.6-1.1 16v16H96V496c0 8.8-7.2 16-16 16s-16-7.2-16-16V348.3c-26.5-9.5-44.7-35.8-42.2-65.6l4.1-49.3C29.3 191.9 64 160 105.6 160h44.8c7 0 13.8 .9 20.2 2.6c-1.7 6.9-2.6 14-2.6 21.4c0 3.9 .3 7.8 .8 11.6c-5.7-2.4-11.9-3.6-18.4-3.6H105.6zM416 384H366.4c1-5.2 1.6-10.5 1.6-16V352H469.6L430.5 215.2C426.6 201.5 414 192 399.7 192H368.3c-11.5 0-21.8 6.1-27.5 15.6c2.1-7.5 3.2-15.4 3.2-23.6c0-6.3-.7-12.5-1.9-18.4c8.1-3.6 17-5.6 26.2-5.6h31.4c28.6 0 53.7 18.9 61.5 46.4l39.1 136.8c5.8 20.4-9.5 40.8-30.8 40.8H448V496c0 8.8-7.2 16-16 16s-16-7.2-16-16V384zM384 96a32 32 0 1 0 0-64 32 32 0 1 0 0 64zm0-96a64 64 0 1 1 0 128A64 64 0 1 1 384 0zM256 208a24 24 0 1 0 0-48 24 24 0 1 0 0 48zm0-80a56 56 0 1 1 0 112 56 56 0 1 1 0-112zm0 160c-26.5 0-48 21.5-48 48v32c0 8.8 7.2 16 16 16h64c8.8 0 16-7.2 16-16V336c0-26.5-21.5-48-48-48zM208 413.3c-18.6-6.6-32-24.4-32-45.3V336c0-44.2 35.8-80 80-80s80 35.8 80 80v32c0 20.9-13.4 38.7-32 45.3V496c0 8.8-7.2 16-16 16s-16-7.2-16-16V416H240v80c0 8.8-7.2 16-16 16s-16-7.2-16-16V413.3z\"\/><\/svg><\/span> Gezinsvriendelijk\n<\/li><li class=\"fade-down\"><span class=\"fc-icon\"><svg xmlns=\"http:\/\/www.w3.org\/2000\/svg\" viewBox=\"0 0 640 640\"><!--!Font Awesome Pro 7.1.0 by @fontawesome - https:\/\/fontawesome.com License - https:\/\/fontawesome.com\/license (Commercial License) Copyright 2025 Fonticons, Inc.--><path d=\"M336 128C336 119.2 328.8 112 320 112C311.2 112 304 119.2 304 128C304 136.8 311.2 144 320 144C328.8 144 336 136.8 336 128zM322.1 176C320.7 176.1 319.3 176.1 318 176L237.3 296.9C232.8 303.6 224 305.9 216.8 302.3L117.2 252.5L150.3 440.3C154.3 463.2 174.3 480 197.6 480L442.2 480C465.5 480 485.4 463.3 489.5 440.3L522.6 252.5L423 302.3C415.8 305.9 407 303.6 402.5 296.9L322.1 176zM287.7 163.5C278 154.7 272 142 272 128C272 101.5 293.5 80 320 80C346.5 80 368 101.5 368 128C368 142.1 361.9 154.8 352.3 163.5L421.5 267.3L507 224.6C505.1 219.4 504 213.8 504 208C504 181.5 525.5 160 552 160C578.5 160 600 181.5 600 208C600 233.6 579.9 254.6 554.6 255.9L521.1 445.9C514.4 484.1 481.1 512 442.3 512L197.7 512C158.9 512 125.7 484.1 118.9 445.9L85.4 255.9C60.1 254.6 40 233.6 40 208C40 181.5 61.5 160 88 160C114.5 160 136 181.5 136 208C136 213.8 135 219.4 133 224.6L218.5 267.3L287.7 163.5zM104 208C104 199.2 96.8 192 88 192C79.2 192 72 199.2 72 208C72 216.8 79.2 224 88 224C96.8 224 104 216.8 104 208zM552 224C560.8 224 568 216.8 568 208C568 199.2 560.8 192 552 192C543.2 192 536 199.2 536 208C536 216.8 543.2 224 552 224z\"\/><\/svg><\/span> Authentique\n<\/li><\/ul><div class=\"columns has-bleu-bg-color has-bg align-full\" style=\"background-color:var(--bleu);\"><div class=\"columns__item\" style=\"align-self:flex-end;\"><h2>Accommodaties voor ieders smaak<\/h2><p    >Verblijf in een stacaravan met 1 tot 3 slaapkamers, sommige met extra premiumopties voor maximaal comfort. Onze warme chalets bieden een knusse, huiselijke sfeer, terwijl lodgetenten en houten hutten een unieke en avontuurlijke ervaring garanderen voor het hele gezin of vrienden. <\/p><div class=\"lireplus fc-mob\"><p    >Lees meer<\/p><div class=\"group\"><p    >Onze ecolodges met eigen sanitair bieden de ideale combinatie van natuur en comfort, zodat u volop kunt ontspannen. Voor gasten met beperkte mobiliteit is er een speciale accommodatie beschikbaar, zodat iedereen kan genieten van een rustige en toegankelijke vakantie in de Vend\u00e9e. <\/p><\/div><\/div><div class=\"buttons\"><a href=\"https:\/\/www.leparcdelagreve.com\/nl\/accommodaties\/\" rel=\"noreferrer noopener\" rel=\"noreferrer noopener\" rel=\"noreferrer noopener\" rel=\"noreferrer noopener\" class=\"buttons__btn\">Ontdek onze accommodaties <span class=\"fc-icon\"><svg xmlns=\"http:\/\/www.w3.org\/2000\/svg\"  viewBox=\"0 0 448 512\" width=\"16px\" height=\"16px\"><!--! Font Awesome Pro 6.4.2 by @fontawesome - https:\/\/fontawesome.com License - https:\/\/fontawesome.com\/license (Commercial License) Copyright 2023 Fonticons, Inc.--><path d=\"M438.6 278.6c12.5-12.5 12.5-32.8 0-45.3l-160-160c-12.5-12.5-32.8-12.5-45.3 0s-12.5 32.8 0 45.3L338.8 224 32 224c-17.7 0-32 14.3-32 32s14.3 32 32 32l306.7 0L233.4 393.4c-12.5 12.5-12.5 32.8 0 45.3s32.8 12.5 45.3 0l160-160z\"\/><\/svg><\/span><\/a><\/div><p class=\"wording bg-2\" style=\"text-align: right;\"  >Ontspanning &amp; <span class=\"fc-span\">Natuur<\/span><\/p><\/div><div class=\"columns__item\"><div class=\"gallery height-adapt\"><figure class=\"gallery__item\"><picture><source srcset=\"https:\/\/www.leparcdelagreve.com\/wp-content\/uploads\/2025\/10\/photo-mobil-home-greve-420x284.webp\" media=\"(max-width: 210px)\"><source srcset=\"https:\/\/www.leparcdelagreve.com\/wp-content\/uploads\/2025\/10\/photo-mobil-home-greve-850x574.webp\" media=\"(max-width: 420px)\"><source srcset=\"https:\/\/www.leparcdelagreve.com\/wp-content\/uploads\/2025\/10\/photo-mobil-home-greve-768x519.webp\" media=\"(max-width: 850px)\"><source srcset=\"https:\/\/www.leparcdelagreve.com\/wp-content\/uploads\/2025\/10\/photo-mobil-home-greve-1024x692.webp\" media=\"(max-width: 1024px)\"><source srcset=\"https:\/\/www.leparcdelagreve.com\/wp-content\/uploads\/2025\/10\/photo-mobil-home-greve.webp\" media=\"(min-width: 1025px)\"><img decoding=\"async\" src=\"https:\/\/www.leparcdelagreve.com\/wp-content\/uploads\/2025\/10\/photo-mobil-home-greve-420x284.webp\" width=\"420\" height=\"210\" loading=\"lazy\" alt=\"\" title=\"\"><\/picture><\/figure><\/div><\/div><\/div><div class=\"columns sec-15 reverse-mob\"><div class=\"columns__item fade-left\"><div class=\"gallery f-carousel fc-diapo-mob\" data-fancybox=\"gallery-mob\"><figure class=\"gallery__item\"><picture><source srcset=\"https:\/\/www.leparcdelagreve.com\/wp-content\/uploads\/2025\/11\/ECOLODGE-COTTON-CUISINE-420x279.webp\" media=\"(max-width: 210px)\"><source srcset=\"https:\/\/www.leparcdelagreve.com\/wp-content\/uploads\/2025\/11\/ECOLODGE-COTTON-CUISINE-850x565.webp\" media=\"(max-width: 420px)\"><source srcset=\"https:\/\/www.leparcdelagreve.com\/wp-content\/uploads\/2025\/11\/ECOLODGE-COTTON-CUISINE-768x511.webp\" media=\"(max-width: 850px)\"><source srcset=\"https:\/\/www.leparcdelagreve.com\/wp-content\/uploads\/2025\/11\/ECOLODGE-COTTON-CUISINE-1024x681.webp\" media=\"(max-width: 1024px)\"><source srcset=\"https:\/\/www.leparcdelagreve.com\/wp-content\/uploads\/2025\/11\/ECOLODGE-COTTON-CUISINE.webp\" media=\"(min-width: 1025px)\"><img decoding=\"async\" src=\"https:\/\/www.leparcdelagreve.com\/wp-content\/uploads\/2025\/11\/ECOLODGE-COTTON-CUISINE-420x279.webp\" width=\"420\" height=\"210\" loading=\"lazy\" alt=\"\" title=\"\"><\/picture><\/figure><figure class=\"gallery__item\"><picture><source srcset=\"https:\/\/www.leparcdelagreve.com\/wp-content\/uploads\/2025\/10\/photo-tentes-344x420.webp\" media=\"(max-width: 210px)\"><source srcset=\"https:\/\/www.leparcdelagreve.com\/wp-content\/uploads\/2025\/10\/photo-tentes-697x850.webp\" media=\"(max-width: 420px)\"><source srcset=\"https:\/\/www.leparcdelagreve.com\/wp-content\/uploads\/2025\/10\/photo-tentes-768x936.webp\" media=\"(max-width: 850px)\"><source srcset=\"https:\/\/www.leparcdelagreve.com\/wp-content\/uploads\/2025\/10\/photo-tentes.webp\" media=\"(max-width: 1024px)\"><source srcset=\"https:\/\/www.leparcdelagreve.com\/wp-content\/uploads\/2025\/10\/photo-tentes.webp\" media=\"(min-width: 1025px)\"><img decoding=\"async\" src=\"https:\/\/www.leparcdelagreve.com\/wp-content\/uploads\/2025\/10\/photo-tentes-344x420.webp\" width=\"420\" height=\"210\" loading=\"lazy\" alt=\"\" title=\"\"><\/picture><\/figure><\/div><\/div><div class=\"columns__item fade-right\" style=\"align-self:center;\"><h2>Ruime staanplaatsen te midden van de natuur<\/h2><p   id=\"192\" >Bij Le Parc de la Gr\u00e8ve vindt iedereen zijn eigen vakantiestijl, midden in de natuur. Onze comfortabele <a href=\"https:\/\/www.leparcdelagreve.com\/nl\/accommodaties\/\" data-type=\"page\" data-id=\"192\">ecolodges <\/a>bieden een unieke ervaring die charme en levenskwaliteit combineert, zodat u optimaal kunt genieten van het groene terrein van de camping. Liefhebbers van <a href=\"https:\/\/www.leparcdelagreve.com\/nl\/vanlife\/\" data-type=\"page\" data-id=\"190\">vanlife <\/a>zullen de speciale plekken waarderen, ontworpen voor een gezellige en praktische ontvangst.  <\/p><div class=\"lireplus fc-mob\"><p    >Lees meer<\/p><div class=\"group\"><p   id=\"193\" >Tot slot, voor liefhebbers van traditioneel kamperen biedt de camping <a href=\"https:\/\/www.leparcdelagreve.com\/nl\/staanplaats\/\" data-type=\"page\" data-id=\"193\">32 ruime, groene staanplaatsen<\/a> van 80 tot meer dan 120 m\u00b2, geschikt voor tenten, caravans en campers. Geniet van een rustige, schaduwrijke omgeving met alle campingfaciliteiten binnen handbereik.<\/p><\/div><\/div><div class=\"buttons\"><a href=\"https:\/\/www.leparcdelagreve.com\/nl\/staanplaats\/\" rel=\"noreferrer noopener\" rel=\"noreferrer noopener\" rel=\"noreferrer noopener\" rel=\"noreferrer noopener\" class=\"buttons__btn\">Bekijk de staanplaatsen <span class=\"fc-icon\"><svg xmlns=\"http:\/\/www.w3.org\/2000\/svg\"  viewBox=\"0 0 448 512\" width=\"16px\" height=\"16px\"><!--! Font Awesome Pro 6.4.2 by @fontawesome - https:\/\/fontawesome.com License - https:\/\/fontawesome.com\/license (Commercial License) Copyright 2023 Fonticons, Inc.--><path d=\"M438.6 278.6c12.5-12.5 12.5-32.8 0-45.3l-160-160c-12.5-12.5-32.8-12.5-45.3 0s-12.5 32.8 0 45.3L338.8 224 32 224c-17.7 0-32 14.3-32 32s14.3 32 32 32l306.7 0L233.4 393.4c-12.5 12.5-12.5 32.8 0 45.3s32.8 12.5 45.3 0l160-160z\"\/><\/svg><\/span><\/a><\/div><\/div><\/div><ul class=\"pictos big\"><li class=\"fade-down\"><span class=\"fc-icon\"><svg xmlns=\"http:\/\/www.w3.org\/2000\/svg\"  viewBox=\"0 0 640 512\" width=\"16px\" height=\"16px\"><!--! Font Awesome Pro 6.4.2 by @fontawesome - https:\/\/fontawesome.com License - https:\/\/fontawesome.com\/license (Commercial License) Copyright 2023 Fonticons, Inc.--><path d=\"M224 24c0-13.3 10.7-24 24-24H360c13.3 0 24 10.7 24 24v8H496c61.9 0 112 50.1 112 112v8c0 22.1-17.9 40-40 40H549.6L628 254.7c7.6 6.1 12 15.3 12 25V384c0 17.7-14.3 32-32 32H574.4c1 5.2 1.6 10.5 1.6 16c0 44.2-35.8 80-80 80s-80-35.8-80-80c0-5.5 .6-10.8 1.6-16H400 254.4c1 5.2 1.6 10.5 1.6 16c0 44.2-35.8 80-80 80s-80-35.8-80-80c0-7.7 1.1-15.2 3.1-22.2L18.7 329.4C6.7 317.4 0 301.1 0 284.1V96C0 60.7 28.7 32 64 32H224V24zM64 64C46.3 64 32 78.3 32 96V284.1c0 8.5 3.4 16.6 9.4 22.6l73.6 73.6C129.6 363 151.5 352 176 352c26.2 0 49.4 12.6 64 32H384V176c0-8.8 7.2-16 16-16H568c4.4 0 8-3.6 8-8v-8c0-44.2-35.8-80-80-80H384 352V32H256V64H224 64zM176 384a48 48 0 1 0 0 96 48 48 0 1 0 0-96zm320 0a48 48 0 1 0 0 96 48 48 0 1 0 0-96zm-64 0c14.6-19.4 37.8-32 64-32s49.4 12.6 64 32h48V288H416v96h16zM416 192v64H578.4l-80-64H416zM128 224H288V160H128v64zM96 152c0-13.3 10.7-24 24-24H296c13.3 0 24 10.7 24 24v80c0 13.3-10.7 24-24 24H120c-13.3 0-24-10.7-24-24V152z\"\/><\/svg><\/span> Vanlife\n<\/li><li class=\"fade-up\"><span class=\"fc-icon\"><svg xmlns=\"http:\/\/www.w3.org\/2000\/svg\"  viewBox=\"0 0 576 512\" width=\"16px\" height=\"16px\"><!--! Font Awesome Pro 6.4.2 by @fontawesome - https:\/\/fontawesome.com License - https:\/\/fontawesome.com\/license (Commercial License) Copyright 2023 Fonticons, Inc.--><path d=\"M278.9 2.8c5.5-3.8 12.7-3.8 18.2 0L517.3 154.7c11.3 7.8 18.7 20 20.4 33.6L571.4 458c3.6 28.6-18.8 54-47.6 54H52.2C23.4 512 1 486.7 4.6 458L38.3 188.2c1.7-13.6 9.1-25.8 20.4-33.6L278.9 2.8zM76.9 181c-3.8 2.6-6.2 6.7-6.8 11.2L36.4 462c-1.2 9.5 6.3 18 15.9 18H272V46.5L76.9 181zM405.4 480L304 288.4V480H405.4zm36.2 0h82.1c9.6 0 17.1-8.4 15.9-18L505.9 192.2c-.6-4.5-3-8.6-6.8-11.2L304 46.5V220L441.6 480z\"\/><\/svg><\/span> staanplaatsen\n<\/li><li class=\"fade-down\"><span class=\"fc-icon\"><svg xmlns=\"http:\/\/www.w3.org\/2000\/svg\"  viewBox=\"0 0 512 512\" width=\"16px\" height=\"16px\"><!--! Font Awesome Pro 6.4.2 by @fontawesome - https:\/\/fontawesome.com License - https:\/\/fontawesome.com\/license (Commercial License) Copyright 2023 Fonticons, Inc.--><path d=\"M237.1 10c11.3-8.3 26.6-8.3 37.8 0L352 66.6V56c0-13.3 10.7-24 24-24h80c13.3 0 24 10.7 24 24V160h-.6l13 9.6c12.3 9 19.6 23.3 19.6 38.6c0 21.4-14 39.5-33.3 45.6c.9 3.3 1.3 6.7 1.3 10.2v16c0 9-3 17.3-8 24c5 6.7 8 15 8 24v16c0 9-3 17.3-8 24c5 6.7 8 15 8 24v16c0 9-3 17.3-8 24c5 6.7 8 15 8 24v16c0 22.1-17.9 40-40 40H360c-22.1 0-40-17.9-40-40V456c0-9 3-17.3 8-24c-5-6.7-8-15-8-24V392c0-9 3-17.3 8-24c-5-6.7-8-15-8-24V328c0-9 3-17.3 8-24c-5-6.7-8-15-8-24V264c0-2.7 .3-5.4 .8-8H191.2c.5 2.6 .8 5.3 .8 8v16c0 9-3 17.3-8 24c5 6.7 8 15 8 24v16c0 9-3 17.3-8 24c5 6.7 8 15 8 24v16c0 9-3 17.3-8 24c5 6.7 8 15 8 24v16c0 22.1-17.9 40-40 40H72c-22.1 0-40-17.9-40-40V456c0-9 3-17.3 8-24c-5-6.7-8-15-8-24V392c0-9 3-17.3 8-24c-5-6.7-8-15-8-24V328c0-9 3-17.3 8-24c-5-6.7-8-15-8-24V264c0-3.5 .5-7 1.3-10.2C14 247.6 0 229.5 0 208.1c0-15.2 7.3-29.6 19.6-38.6L237.1 10zM360 416h80c4.4 0 8-3.6 8-8V392c0-4.4-3.6-8-8-8H360c-4.4 0-8 3.6-8 8v16c0 4.4 3.6 8 8 8zm80 32H360c-4.4 0-8 3.6-8 8v16c0 4.4 3.6 8 8 8h80c4.4 0 8-3.6 8-8V456c0-4.4-3.6-8-8-8zm8-104V328c0-4.4-3.6-8-8-8H360c-4.4 0-8 3.6-8 8v16c0 4.4 3.6 8 8 8h80c4.4 0 8-3.6 8-8zM360 224h80 24.1c8.8 0 15.9-7.1 15.9-15.9c0-5.1-2.4-9.8-6.5-12.8L256 35.8 38.5 195.4c-4.1 3-6.5 7.7-6.5 12.8c0 8.8 7.1 15.9 15.9 15.9H72h80H360zm0 32c-4.4 0-8 3.6-8 8v16c0 4.4 3.6 8 8 8h80c4.4 0 8-3.6 8-8V264c0-4.4-3.6-8-8-8H360zM72 416h80c4.4 0 8-3.6 8-8V392c0-4.4-3.6-8-8-8H72c-4.4 0-8 3.6-8 8v16c0 4.4 3.6 8 8 8zm80 32H72c-4.4 0-8 3.6-8 8v16c0 4.4 3.6 8 8 8h80c4.4 0 8-3.6 8-8V456c0-4.4-3.6-8-8-8zm8-104V328c0-4.4-3.6-8-8-8H72c-4.4 0-8 3.6-8 8v16c0 4.4 3.6 8 8 8h80c4.4 0 8-3.6 8-8zM72 256c-4.4 0-8 3.6-8 8v16c0 4.4 3.6 8 8 8h80c4.4 0 8-3.6 8-8V264c0-4.4-3.6-8-8-8H72zM448 137V64H384V90L448 137zm-192-9a16 16 0 1 0 0 32 16 16 0 1 0 0-32zm48 16a48 48 0 1 1 -96 0 48 48 0 1 1 96 0z\"\/><\/svg><\/span> Ecolodges\n<\/li><\/ul><div class=\"columns mini\" style=\"align-items:center;\"><div class=\"columns__item flex-05 fade-left\" style=\"align-self:center;\"><p class=\"wording bg-2\"   ><span class=\"fc-span\">Maatwerkverblijven<\/span><\/p><\/div><div class=\"columns__item fade-right\" style=\"align-self:center;\"><h2>Verblijf op uw eigen tempo bij Le Parc de la Gr\u00e8ve<\/h2><p    >Bij Le Parc de la Gr\u00e8ve geniet u van de vrijheid van een volledig op maat gemaakt verblijf, ook tijdens het hoogseizoen. Van \u00e9\u00e9n nacht in een trappers tent tot een weekend in een lodge of een langer verblijf, wij bieden het perfecte verblijf voor uw wensen. Optionele services zoals bedlinnen, schoonmaak en ontbijt zorgen voor een zorgeloos verblijf. Gratis annuleren is mogelijk tot 30 dagen voor aankomst.   <\/p><div class=\"buttons\"><a href=\"https:\/\/www.leparcdelagreve.com\/nl\/nieuws-aanbiedingen\/kort-verblijf-op-de-camping\/\" rel=\"noreferrer noopener\" rel=\"noreferrer noopener\" rel=\"noreferrer noopener\" rel=\"noreferrer noopener\" class=\"buttons__btn\">Korte verblijven <span class=\"fc-icon\"><svg xmlns=\"http:\/\/www.w3.org\/2000\/svg\"  viewBox=\"0 0 448 512\" width=\"16px\" height=\"16px\"><!--! Font Awesome Pro 6.4.2 by @fontawesome - https:\/\/fontawesome.com License - https:\/\/fontawesome.com\/license (Commercial License) Copyright 2023 Fonticons, Inc.--><path d=\"M438.6 278.6c12.5-12.5 12.5-32.8 0-45.3l-160-160c-12.5-12.5-32.8-12.5-45.3 0s-12.5 32.8 0 45.3L338.8 224 32 224c-17.7 0-32 14.3-32 32s14.3 32 32 32l306.7 0L233.4 393.4c-12.5 12.5-12.5 32.8 0 45.3s32.8 12.5 45.3 0l160-160z\"\/><\/svg><\/span><\/a><\/div><\/div><\/div><div class=\"columns sec-10\"><div class=\"columns__item flex-14\"><div class=\"group fade-left\"><h2>Zwembad en waterplezier op onze 4-sterren camping<\/h2><p    >Laat u bij aankomst verleiden door de waterspeelzone van de camping. Het verwarmde zwembad nodigt uit tot ontspanning en spelplezier voor het hele gezin. Voor de avonturiers biedt de waterglijbaan spannende glijpartijen en onvergetelijke lachmomenten.  <\/p><div class=\"lireplus fc-mob\"><p    >Lees meer<\/p><div class=\"group\"><p    >Het peuterbad en het luchtkasteel zullen de allerkleinsten blij maken. Voor ontspanning nodigen de wellnessbank en de vele ligstoelen uit om lekker te relaxen. Of u nu wilt afkoelen na een uitstapje of gewoon van de zon wilt genieten, dit is de ideale plek om volop van uw vakantie te genieten.  <\/p><\/div><\/div><div class=\"buttons\"><a href=\"https:\/\/www.leparcdelagreve.com\/nl\/zwembad\/\" rel=\"noreferrer noopener\" rel=\"noreferrer noopener\" rel=\"noreferrer noopener\" rel=\"noreferrer noopener\" class=\"buttons__btn\">Bekijk de waterspeelzone <span class=\"fc-icon\"><svg xmlns=\"http:\/\/www.w3.org\/2000\/svg\"  viewBox=\"0 0 448 512\" width=\"16px\" height=\"16px\"><!--! Font Awesome Pro 6.4.2 by @fontawesome - https:\/\/fontawesome.com License - https:\/\/fontawesome.com\/license (Commercial License) Copyright 2023 Fonticons, Inc.--><path d=\"M438.6 278.6c12.5-12.5 12.5-32.8 0-45.3l-160-160c-12.5-12.5-32.8-12.5-45.3 0s-12.5 32.8 0 45.3L338.8 224 32 224c-17.7 0-32 14.3-32 32s14.3 32 32 32l306.7 0L233.4 393.4c-12.5 12.5-12.5 32.8 0 45.3s32.8 12.5 45.3 0l160-160z\"\/><\/svg><\/span><\/a><\/div><\/div><div class=\"gallery fade-up hide-mob\"><figure class=\"gallery__item\"><picture><source srcset=\"https:\/\/www.leparcdelagreve.com\/wp-content\/uploads\/2025\/11\/Le-Parc-de-la-Greve-TOBOGGAN-5-07.06.01-420x279.webp\" media=\"(max-width: 210px)\"><source srcset=\"https:\/\/www.leparcdelagreve.com\/wp-content\/uploads\/2025\/11\/Le-Parc-de-la-Greve-TOBOGGAN-5-07.06.01-850x565.webp\" media=\"(max-width: 420px)\"><source srcset=\"https:\/\/www.leparcdelagreve.com\/wp-content\/uploads\/2025\/11\/Le-Parc-de-la-Greve-TOBOGGAN-5-07.06.01-768x511.webp\" media=\"(max-width: 850px)\"><source srcset=\"https:\/\/www.leparcdelagreve.com\/wp-content\/uploads\/2025\/11\/Le-Parc-de-la-Greve-TOBOGGAN-5-07.06.01-1024x681.webp\" media=\"(max-width: 1024px)\"><source srcset=\"https:\/\/www.leparcdelagreve.com\/wp-content\/uploads\/2025\/11\/Le-Parc-de-la-Greve-TOBOGGAN-5-07.06.01.webp\" media=\"(min-width: 1025px)\"><img decoding=\"async\" src=\"https:\/\/www.leparcdelagreve.com\/wp-content\/uploads\/2025\/11\/Le-Parc-de-la-Greve-TOBOGGAN-5-07.06.01-420x279.webp\" width=\"420\" height=\"210\" loading=\"lazy\" alt=\"\" title=\"\"><\/picture><\/figure><\/div><\/div><div class=\"columns__item flex-13 fade-down\"><div class=\"gallery f-carousel fc-diapo-mob\" data-fancybox=\"gallery-mob\"><figure class=\"gallery__item show-mob\"><picture><source srcset=\"https:\/\/www.leparcdelagreve.com\/wp-content\/uploads\/2025\/11\/Le-Parc-de-la-Greve-TOBOGGAN-5-07.06.01-420x279.webp\" media=\"(max-width: 210px)\"><source srcset=\"https:\/\/www.leparcdelagreve.com\/wp-content\/uploads\/2025\/11\/Le-Parc-de-la-Greve-TOBOGGAN-5-07.06.01-850x565.webp\" media=\"(max-width: 420px)\"><source srcset=\"https:\/\/www.leparcdelagreve.com\/wp-content\/uploads\/2025\/11\/Le-Parc-de-la-Greve-TOBOGGAN-5-07.06.01-768x511.webp\" media=\"(max-width: 850px)\"><source srcset=\"https:\/\/www.leparcdelagreve.com\/wp-content\/uploads\/2025\/11\/Le-Parc-de-la-Greve-TOBOGGAN-5-07.06.01-1024x681.webp\" media=\"(max-width: 1024px)\"><source srcset=\"https:\/\/www.leparcdelagreve.com\/wp-content\/uploads\/2025\/11\/Le-Parc-de-la-Greve-TOBOGGAN-5-07.06.01.webp\" media=\"(min-width: 1025px)\"><img decoding=\"async\" src=\"https:\/\/www.leparcdelagreve.com\/wp-content\/uploads\/2025\/11\/Le-Parc-de-la-Greve-TOBOGGAN-5-07.06.01-420x279.webp\" width=\"420\" height=\"210\" loading=\"lazy\" alt=\"\" title=\"\"><\/picture><\/figure><figure class=\"gallery__item\"><picture><source srcset=\"https:\/\/www.leparcdelagreve.com\/wp-content\/uploads\/2025\/10\/photo-transat-journal-393x420.webp\" media=\"(max-width: 210px)\"><source srcset=\"https:\/\/www.leparcdelagreve.com\/wp-content\/uploads\/2025\/10\/photo-transat-journal-795x850.webp\" media=\"(max-width: 420px)\"><source srcset=\"https:\/\/www.leparcdelagreve.com\/wp-content\/uploads\/2025\/10\/photo-transat-journal-768x821.webp\" media=\"(max-width: 850px)\"><source srcset=\"https:\/\/www.leparcdelagreve.com\/wp-content\/uploads\/2025\/10\/photo-transat-journal-958x1024.webp\" media=\"(max-width: 1024px)\"><source srcset=\"https:\/\/www.leparcdelagreve.com\/wp-content\/uploads\/2025\/10\/photo-transat-journal.webp\" media=\"(min-width: 1025px)\"><img decoding=\"async\" src=\"https:\/\/www.leparcdelagreve.com\/wp-content\/uploads\/2025\/10\/photo-transat-journal-393x420.webp\" width=\"420\" height=\"210\" loading=\"lazy\" alt=\"\" title=\"\"><\/picture><\/figure><figure class=\"gallery__item show-mob\"><picture><source srcset=\"https:\/\/www.leparcdelagreve.com\/wp-content\/uploads\/2025\/11\/Le-Parc-de-la-Greve-PISCINE-20-07.06.01-420x279.webp\" media=\"(max-width: 210px)\"><source srcset=\"https:\/\/www.leparcdelagreve.com\/wp-content\/uploads\/2025\/11\/Le-Parc-de-la-Greve-PISCINE-20-07.06.01-850x565.webp\" media=\"(max-width: 420px)\"><source srcset=\"https:\/\/www.leparcdelagreve.com\/wp-content\/uploads\/2025\/11\/Le-Parc-de-la-Greve-PISCINE-20-07.06.01-768x511.webp\" media=\"(max-width: 850px)\"><source srcset=\"https:\/\/www.leparcdelagreve.com\/wp-content\/uploads\/2025\/11\/Le-Parc-de-la-Greve-PISCINE-20-07.06.01-1024x681.webp\" media=\"(max-width: 1024px)\"><source srcset=\"https:\/\/www.leparcdelagreve.com\/wp-content\/uploads\/2025\/11\/Le-Parc-de-la-Greve-PISCINE-20-07.06.01.webp\" media=\"(min-width: 1025px)\"><img decoding=\"async\" src=\"https:\/\/www.leparcdelagreve.com\/wp-content\/uploads\/2025\/11\/Le-Parc-de-la-Greve-PISCINE-20-07.06.01-420x279.webp\" width=\"420\" height=\"210\" loading=\"lazy\" alt=\"\" title=\"\"><\/picture><\/figure><figure class=\"gallery__item show-mob\"><picture><source srcset=\"https:\/\/www.leparcdelagreve.com\/wp-content\/uploads\/2025\/11\/Le-Parc-de-la-Greve-PISCINE-7-07.06.01-420x279.webp\" media=\"(max-width: 210px)\"><source srcset=\"https:\/\/www.leparcdelagreve.com\/wp-content\/uploads\/2025\/11\/Le-Parc-de-la-Greve-PISCINE-7-07.06.01-850x565.webp\" media=\"(max-width: 420px)\"><source srcset=\"https:\/\/www.leparcdelagreve.com\/wp-content\/uploads\/2025\/11\/Le-Parc-de-la-Greve-PISCINE-7-07.06.01-768x511.webp\" media=\"(max-width: 850px)\"><source srcset=\"https:\/\/www.leparcdelagreve.com\/wp-content\/uploads\/2025\/11\/Le-Parc-de-la-Greve-PISCINE-7-07.06.01-1024x681.webp\" media=\"(max-width: 1024px)\"><source srcset=\"https:\/\/www.leparcdelagreve.com\/wp-content\/uploads\/2025\/11\/Le-Parc-de-la-Greve-PISCINE-7-07.06.01.webp\" media=\"(min-width: 1025px)\"><img decoding=\"async\" src=\"https:\/\/www.leparcdelagreve.com\/wp-content\/uploads\/2025\/11\/Le-Parc-de-la-Greve-PISCINE-7-07.06.01-420x279.webp\" width=\"420\" height=\"210\" loading=\"lazy\" alt=\"\" title=\"\"><\/picture><\/figure><\/div><p class=\"wording bg-2\"   >Authentieke beleving in de<span class=\"fc-span\"> Vend\u00e9e <\/span><\/p><\/div><div class=\"columns__item fade-right hide-mob\"><div class=\"gallery col-1\"><figure class=\"gallery__item\"><picture><source srcset=\"https:\/\/www.leparcdelagreve.com\/wp-content\/uploads\/2025\/11\/Le-Parc-de-la-Greve-PISCINE-20-07.06.01-420x279.webp\" media=\"(max-width: 210px)\"><source srcset=\"https:\/\/www.leparcdelagreve.com\/wp-content\/uploads\/2025\/11\/Le-Parc-de-la-Greve-PISCINE-20-07.06.01-850x565.webp\" media=\"(max-width: 420px)\"><source srcset=\"https:\/\/www.leparcdelagreve.com\/wp-content\/uploads\/2025\/11\/Le-Parc-de-la-Greve-PISCINE-20-07.06.01-768x511.webp\" media=\"(max-width: 850px)\"><source srcset=\"https:\/\/www.leparcdelagreve.com\/wp-content\/uploads\/2025\/11\/Le-Parc-de-la-Greve-PISCINE-20-07.06.01-1024x681.webp\" media=\"(max-width: 1024px)\"><source srcset=\"https:\/\/www.leparcdelagreve.com\/wp-content\/uploads\/2025\/11\/Le-Parc-de-la-Greve-PISCINE-20-07.06.01.webp\" media=\"(min-width: 1025px)\"><img decoding=\"async\" src=\"https:\/\/www.leparcdelagreve.com\/wp-content\/uploads\/2025\/11\/Le-Parc-de-la-Greve-PISCINE-20-07.06.01-420x279.webp\" width=\"420\" height=\"210\" loading=\"lazy\" alt=\"\" title=\"\"><\/picture><\/figure><figure class=\"gallery__item\"><picture><source srcset=\"https:\/\/www.leparcdelagreve.com\/wp-content\/uploads\/2025\/11\/Le-Parc-de-la-Greve-PISCINE-7-07.06.01-420x279.webp\" media=\"(max-width: 210px)\"><source srcset=\"https:\/\/www.leparcdelagreve.com\/wp-content\/uploads\/2025\/11\/Le-Parc-de-la-Greve-PISCINE-7-07.06.01-850x565.webp\" media=\"(max-width: 420px)\"><source srcset=\"https:\/\/www.leparcdelagreve.com\/wp-content\/uploads\/2025\/11\/Le-Parc-de-la-Greve-PISCINE-7-07.06.01-768x511.webp\" media=\"(max-width: 850px)\"><source srcset=\"https:\/\/www.leparcdelagreve.com\/wp-content\/uploads\/2025\/11\/Le-Parc-de-la-Greve-PISCINE-7-07.06.01-1024x681.webp\" media=\"(max-width: 1024px)\"><source srcset=\"https:\/\/www.leparcdelagreve.com\/wp-content\/uploads\/2025\/11\/Le-Parc-de-la-Greve-PISCINE-7-07.06.01.webp\" media=\"(min-width: 1025px)\"><img decoding=\"async\" src=\"https:\/\/www.leparcdelagreve.com\/wp-content\/uploads\/2025\/11\/Le-Parc-de-la-Greve-PISCINE-7-07.06.01-420x279.webp\" width=\"420\" height=\"210\" loading=\"lazy\" alt=\"\" title=\"\"><\/picture><\/figure><\/div><\/div><\/div><ul class=\"pictos big\"><li class=\"fade-down\"><span class=\"fc-icon\"><svg xmlns=\"http:\/\/www.w3.org\/2000\/svg\" viewBox=\"0 0 640 640\"><!--!Font Awesome Pro 7.1.0 by @fontawesome - https:\/\/fontawesome.com License - https:\/\/fontawesome.com\/license (Commercial License) Copyright 2025 Fonticons, Inc.--><path d=\"M520 184C520 170.7 509.3 160 496 160C482.7 160 472 170.7 472 184C472 197.3 482.7 208 496 208C509.3 208 520 197.3 520 184zM440 184C440 153.1 465.1 128 496 128C526.9 128 552 153.1 552 184C552 214.9 526.9 240 496 240C465.1 240 440 214.9 440 184zM454.2 312.2C443.1 311.6 431.9 312.2 420.9 313.9C410.7 287.4 393.9 263.7 371.6 245.1C365 239.6 358 234.6 350.6 230.2L245.3 320.6C232.4 316.1 219.1 313.4 205.6 312.4L318.8 215.4C316 214.4 313.1 213.5 310.3 212.7L264.1 199.5C250.6 195.6 236 197.9 224.3 205.7L152.9 253.3C145.5 258.2 135.6 256.2 130.7 248.9C125.8 241.6 127.8 231.6 135.1 226.7L206.5 179.1C226 166.1 250.3 162.3 272.9 168.7L319 181.9C345.8 189.5 370.7 202.7 392 220.5C421.2 244.9 442.6 276.8 454.1 312.2zM489.1 405.9C463.1 387.3 428 387.3 402 405.9C376.4 424.2 349.1 440 320 440C290.9 440 263.6 424.2 238 405.9C212 387.3 176.9 387.3 150.9 405.9C126.2 423.5 96.3 439.6 64 439.4C44.7 439.3 25.4 433.4 6.8 420.1C-.4 415-2.1 405 3.1 397.8C8.3 390.6 18.2 388.9 25.4 394.1C38.8 403.7 51.8 407.4 64.2 407.4C86.2 407.5 109.2 396.4 132.4 379.9C169.5 353.4 219.5 353.4 256.7 379.9C282 398 302 408 320.2 408C338.4 408 358.3 397.9 383.7 379.9C420.8 353.4 470.8 353.4 508 379.9C526.2 392.9 544.5 402.7 562.4 406.1C579.6 409.4 597 406.9 615 394.1C622.2 389 632.2 390.6 637.3 397.8C642.4 405 640.8 415 633.6 420.1C608 438.3 581.6 442.3 556.4 437.5C531.9 432.8 509.2 420 489.4 405.9zM402 501.9C376.4 520.2 349.1 536 320 536C290.9 536 263.6 520.2 238 501.9C212 483.3 176.9 483.3 150.9 501.9C126.2 519.5 96.3 535.6 64 535.4C44.7 535.3 25.4 529.4 6.8 516.1C-.4 511-2.1 501 3.1 493.8C8.3 486.6 18.2 484.9 25.4 490.1C38.8 499.7 51.8 503.4 64.2 503.4C86.2 503.5 109.2 492.4 132.4 475.9C169.5 449.4 219.5 449.4 256.7 475.9C282 494 302 504 320.2 504C338.4 504 358.3 493.9 383.7 475.9C420.8 449.4 470.8 449.4 508 475.9C526.2 488.9 544.5 498.7 562.4 502.1C579.6 505.4 597 502.9 615 490.1C622.2 485 632.2 486.6 637.3 493.8C642.4 501 640.8 511 633.6 516.1C608 534.3 581.6 538.3 556.4 533.5C531.9 528.8 509.2 516 489.4 501.9C463.4 483.3 428.3 483.3 402.3 501.9z\"\/><\/svg><\/span> Wateractiviteiten\n<\/li><li class=\"fade-up\"><span class=\"fc-icon\"><svg xmlns=\"http:\/\/www.w3.org\/2000\/svg\" viewBox=\"0 0 640 640\"><!--!Font Awesome Pro 7.1.0 by @fontawesome - https:\/\/fontawesome.com License - https:\/\/fontawesome.com\/license (Commercial License) Copyright 2025 Fonticons, Inc.--><path d=\"M448 351.9C459 351.4 469.7 349.8 480 347.3L480 464L496 464C504.8 464 512 471.2 512 480C512 488.8 504.8 496 496 496L80 496C71.2 496 64 488.8 64 480C64 471.2 71.2 464 80 464L96 464L96 272L64 272C49.8 272 37.3 262.6 33.3 249C29.3 235.4 34.8 220.7 46.7 213.1L270.7 69.1C281.2 62.3 294.8 62.3 305.3 69.1L313 74.1C306 82.2 299.8 90.9 294.4 100.2L288 96L64 240L281.5 240C285.5 251.3 290.6 262 296.8 272L240 272L240 464L336 464L336 316C345.8 323.8 356.6 330.5 368 335.9L368 464L448 464L448 351.9zM128 272L128 464L208 464L208 272L128 272zM32 560C32 551.2 39.2 544 48 544L528 544C536.8 544 544 551.2 544 560C544 568.8 536.8 576 528 576L48 576C39.2 576 32 568.8 32 560zM440 272.1C488.6 272.1 528 232.7 528 184.1C528 135.5 488.6 96.1 440 96.1C391.4 96.1 352 135.5 352 184.1C352 232.7 391.4 272.1 440 272.1zM440 304.1C373.7 304.1 320 250.4 320 184.1C320 117.8 373.7 64.1 440 64.1C506.3 64.1 560 117.8 560 184.1C560 211.4 550.9 236.7 535.4 256.8L603.3 324.8C609.5 331.1 609.5 341.2 603.3 347.4C597.1 353.6 586.9 353.6 580.7 347.4L512.9 279.5C492.7 294.9 467.5 304.1 440.1 304.1z\"\/><\/svg><\/span> Culturele ontdekkingen\n<\/li><li class=\"fade-down\"><span class=\"fc-icon\"><svg xmlns=\"http:\/\/www.w3.org\/2000\/svg\" viewBox=\"0 0 640 640\"><!--!Font Awesome Pro 7.1.0 by @fontawesome - https:\/\/fontawesome.com License - https:\/\/fontawesome.com\/license (Commercial License) Copyright 2025 Fonticons, Inc.--><path d=\"M537.7 96.2C559.2 98.4 576 116.6 576 138.7L576 227.7C576 302.8 528.9 366.8 462.7 392.1L473.1 402.5L478.3 408.2C489.7 422.1 496 439.5 496 457.6L495.8 463.1C494 488.6 479.7 511.7 457.7 524.7L452.9 527.3L437.3 535.1C427.2 540.1 416.3 543.1 405.1 543.7L400.3 543.8C366.9 543.8 336.9 523.7 324 493.3L321.7 487.1L320.1 482.4L318.5 487.1C307.2 520.9 275.5 543.8 239.8 543.8C228.5 543.8 217.4 541.5 207.1 537.1L202.7 535.1L187.1 527.3C162.3 514.9 146.1 490.4 144.2 463.1L144 457.6C144 436.9 152.2 417.1 166.8 402.4L177.2 392C111 366.8 64 302.8 64 227.7L64 138.7L64.2 134.3C66.4 112.8 84.6 96 106.7 96C203.6 96 286.5 156.2 320 241.2C353.5 156.2 436.4 96 533.3 96L537.7 96.2zM106.7 128C100.8 128 96 132.8 96 138.7L96 227.7C96 297.2 145.3 355.2 210.8 368.7C216.6 369.9 221.2 374.1 222.9 379.8C224.6 385.5 223.1 391.5 218.9 395.7L189.5 425.2C180.9 433.8 176 445.5 176 457.7L176.5 464.1C178.6 478.9 187.8 492 201.5 498.8L217.1 506.6L222.5 508.9C228 510.9 233.9 511.9 239.8 511.9C261.7 511.9 281.2 497.9 288.1 477.1L292.3 464.4C300.1 441.1 304 416.8 304 392.2L304 321.4C304 321 303.9 320.6 303.8 320.2C301.2 213.5 213.9 127.8 106.6 127.8zM533.4 128C424.4 128 336 216.4 336 325.3L336 392.3C336 416.8 340 441.2 347.7 464.5L351.9 477.2L353.3 481C361.2 499.7 379.6 512 400.1 512L406 511.7C411.8 511 417.5 509.3 422.8 506.7L438.4 498.9L444 495.6C454.6 488.3 461.6 476.9 463.4 464.2L463.9 457.8C463.9 447.1 460.2 436.8 453.5 428.6L450.4 425.2L420.9 395.7C416.7 391.5 415.2 385.4 416.9 379.8C418.6 374.2 423.2 369.9 429 368.7C494.6 355.2 543.8 297.2 543.8 227.7L543.8 138.7L543.6 136.5C542.7 132.3 539.5 129.1 535.3 128.2L533.1 128z\"\/><\/svg><\/span> Vrijetijdsbesteding in de natuur\n<\/li><\/ul><div class=\"columns mini\" style=\"align-items:center;\"><div class=\"columns__item flex-05 fade-left\" style=\"align-self:center;\"><p class=\"wording\"   >Vissen &amp; <span class=\"fc-span\">rustige oase<\/span><\/p><\/div><div class=\"columns__item fade-right\" style=\"align-self:center;\"><h2>De priv\u00e9vijver van de camping: een paradijs voor vissers<\/h2><p    >De priv\u00e9visvijver is een echte trekpleister van Le Parc de la Gr\u00e8ve en volledig gratis voor campinggasten. Zowel jonge als oudere vissers kunnen hier in alle rust karpers, voorns of zeelten vangen. Voor liefhebbers van vissen zijn de accommodaties \u201cAmours Blanc\u201d, \u201cZen\u201d of \u201cCamp\u00e9toile\u201d ideaal, zodat de vijver altijd binnen handbereik is. Wilt u ook elders vissen, zoals bij het meer van Jaunay, dan kunt u bij de receptie een dagvergunning kopen. Op de camping wordt er gevist volgens het \u201cno-kill\u201d-principe, voor een duurzame en verantwoorde ervaring.    <\/p><div class=\"buttons\"><a href=\"https:\/\/www.leparcdelagreve.com\/nl\/vissen\/\" rel=\"noreferrer noopener\" rel=\"noreferrer noopener\" rel=\"noreferrer noopener\" rel=\"noreferrer noopener\" class=\"buttons__btn\">Ontdek het vissen <span class=\"fc-icon\"><svg xmlns=\"http:\/\/www.w3.org\/2000\/svg\"  viewBox=\"0 0 448 512\" width=\"16px\" height=\"16px\"><!--! Font Awesome Pro 6.4.2 by @fontawesome - https:\/\/fontawesome.com License - https:\/\/fontawesome.com\/license (Commercial License) Copyright 2023 Fonticons, Inc.--><path d=\"M438.6 278.6c12.5-12.5 12.5-32.8 0-45.3l-160-160c-12.5-12.5-32.8-12.5-45.3 0s-12.5 32.8 0 45.3L338.8 224 32 224c-17.7 0-32 14.3-32 32s14.3 32 32 32l306.7 0L233.4 393.4c-12.5 12.5-12.5 32.8 0 45.3s32.8 12.5 45.3 0l160-160z\"\/><\/svg><\/span><\/a><\/div><\/div><\/div><div class=\"columns sec-10 has-fond-bg-color has-bg align-full\" style=\"background-color:var(--fond);\"><div class=\"columns__item flex-18\"><div class=\"group fade-left\"><h2>Ontdek het gebied van Saint-Gilles-Croix-de-Vie en de Vend\u00e9e<\/h2><p    >Dankzij de ideale ligging van de camping bereikt u in een handomdraai de stranden van Br\u00e9tignolles-sur-Mer en Saint-Gilles-Croix-de-Vie, slechts 7 km verwijderd. Ontdek de natuur rondom het meer van Jaunay en de zoutmoerassen, geniet van activiteiten zoals kano\u00ebn of railfietsen, en maak uitstapjes naar beroemde bestemmingen zoals Les Sables d\u2019Olonne, het eiland Yeu of het themapark Puy du Fou. In de Vend\u00e9e beleeft u een perfecte mix van zee, natuur en cultuur. <\/p><\/div>\n<div style=\"height:4rem\" aria-hidden=\"true\" class=\"wp-block-spacer hide-mob\"><\/div>\n<div class=\"gallery fade-up hide-mob col-1\"><figure class=\"gallery__item\"><picture><source srcset=\"https:\/\/www.leparcdelagreve.com\/wp-content\/uploads\/2025\/10\/photo-alentours-phare-420x257.webp\" media=\"(max-width: 210px)\"><source srcset=\"https:\/\/www.leparcdelagreve.com\/wp-content\/uploads\/2025\/10\/photo-alentours-phare-850x520.webp\" media=\"(max-width: 420px)\"><source srcset=\"https:\/\/www.leparcdelagreve.com\/wp-content\/uploads\/2025\/10\/photo-alentours-phare-768x470.webp\" media=\"(max-width: 850px)\"><source srcset=\"https:\/\/www.leparcdelagreve.com\/wp-content\/uploads\/2025\/10\/photo-alentours-phare-1024x626.webp\" media=\"(max-width: 1024px)\"><source srcset=\"https:\/\/www.leparcdelagreve.com\/wp-content\/uploads\/2025\/10\/photo-alentours-phare.webp\" media=\"(min-width: 1025px)\"><img decoding=\"async\" src=\"https:\/\/www.leparcdelagreve.com\/wp-content\/uploads\/2025\/10\/photo-alentours-phare-420x257.webp\" width=\"420\" height=\"210\" loading=\"lazy\" alt=\"\" title=\"\"><\/picture><\/figure><figure class=\"gallery__item\"><picture><source srcset=\"https:\/\/www.leparcdelagreve.com\/wp-content\/uploads\/2025\/10\/photo-alentours-plage-420x245.webp\" media=\"(max-width: 210px)\"><source srcset=\"https:\/\/www.leparcdelagreve.com\/wp-content\/uploads\/2025\/10\/photo-alentours-plage-850x496.webp\" media=\"(max-width: 420px)\"><source srcset=\"https:\/\/www.leparcdelagreve.com\/wp-content\/uploads\/2025\/10\/photo-alentours-plage-768x448.webp\" media=\"(max-width: 850px)\"><source srcset=\"https:\/\/www.leparcdelagreve.com\/wp-content\/uploads\/2025\/10\/photo-alentours-plage-1024x597.webp\" media=\"(max-width: 1024px)\"><source srcset=\"https:\/\/www.leparcdelagreve.com\/wp-content\/uploads\/2025\/10\/photo-alentours-plage.webp\" media=\"(min-width: 1025px)\"><img decoding=\"async\" src=\"https:\/\/www.leparcdelagreve.com\/wp-content\/uploads\/2025\/10\/photo-alentours-plage-420x245.webp\" width=\"420\" height=\"210\" loading=\"lazy\" alt=\"\" title=\"\"><\/picture><\/figure><\/div><\/div><div class=\"columns__item flex-13 fade-down\"><div class=\"gallery f-carousel fc-diapo-mob\" data-fancybox=\"gallery-mob\"><figure class=\"gallery__item show-mob\"><picture><source srcset=\"https:\/\/www.leparcdelagreve.com\/wp-content\/uploads\/2025\/10\/photo-alentours-phare-420x257.webp\" media=\"(max-width: 210px)\"><source srcset=\"https:\/\/www.leparcdelagreve.com\/wp-content\/uploads\/2025\/10\/photo-alentours-phare-850x520.webp\" media=\"(max-width: 420px)\"><source srcset=\"https:\/\/www.leparcdelagreve.com\/wp-content\/uploads\/2025\/10\/photo-alentours-phare-768x470.webp\" media=\"(max-width: 850px)\"><source srcset=\"https:\/\/www.leparcdelagreve.com\/wp-content\/uploads\/2025\/10\/photo-alentours-phare-1024x626.webp\" media=\"(max-width: 1024px)\"><source srcset=\"https:\/\/www.leparcdelagreve.com\/wp-content\/uploads\/2025\/10\/photo-alentours-phare.webp\" media=\"(min-width: 1025px)\"><img decoding=\"async\" src=\"https:\/\/www.leparcdelagreve.com\/wp-content\/uploads\/2025\/10\/photo-alentours-phare-420x257.webp\" width=\"420\" height=\"210\" loading=\"lazy\" alt=\"\" title=\"\"><\/picture><\/figure><figure class=\"gallery__item show-mob\"><picture><source srcset=\"https:\/\/www.leparcdelagreve.com\/wp-content\/uploads\/2025\/10\/photo-alentours-plage-420x245.webp\" media=\"(max-width: 210px)\"><source srcset=\"https:\/\/www.leparcdelagreve.com\/wp-content\/uploads\/2025\/10\/photo-alentours-plage-850x496.webp\" media=\"(max-width: 420px)\"><source srcset=\"https:\/\/www.leparcdelagreve.com\/wp-content\/uploads\/2025\/10\/photo-alentours-plage-768x448.webp\" media=\"(max-width: 850px)\"><source srcset=\"https:\/\/www.leparcdelagreve.com\/wp-content\/uploads\/2025\/10\/photo-alentours-plage-1024x597.webp\" media=\"(max-width: 1024px)\"><source srcset=\"https:\/\/www.leparcdelagreve.com\/wp-content\/uploads\/2025\/10\/photo-alentours-plage.webp\" media=\"(min-width: 1025px)\"><img decoding=\"async\" src=\"https:\/\/www.leparcdelagreve.com\/wp-content\/uploads\/2025\/10\/photo-alentours-plage-420x245.webp\" width=\"420\" height=\"210\" loading=\"lazy\" alt=\"\" title=\"\"><\/picture><\/figure><figure class=\"gallery__item\"><picture><source srcset=\"https:\/\/www.leparcdelagreve.com\/wp-content\/uploads\/2025\/10\/photo-alentours-bateaux-381x420.webp\" media=\"(max-width: 210px)\"><source srcset=\"https:\/\/www.leparcdelagreve.com\/wp-content\/uploads\/2025\/10\/photo-alentours-bateaux-771x850.webp\" media=\"(max-width: 420px)\"><source srcset=\"https:\/\/www.leparcdelagreve.com\/wp-content\/uploads\/2025\/10\/photo-alentours-bateaux-768x846.webp\" media=\"(max-width: 850px)\"><source srcset=\"https:\/\/www.leparcdelagreve.com\/wp-content\/uploads\/2025\/10\/photo-alentours-bateaux-929x1024.webp\" media=\"(max-width: 1024px)\"><source srcset=\"https:\/\/www.leparcdelagreve.com\/wp-content\/uploads\/2025\/10\/photo-alentours-bateaux.webp\" media=\"(min-width: 1025px)\"><img decoding=\"async\" src=\"https:\/\/www.leparcdelagreve.com\/wp-content\/uploads\/2025\/10\/photo-alentours-bateaux-381x420.webp\" width=\"420\" height=\"210\" loading=\"lazy\" alt=\"\" title=\"\"><\/picture><\/figure><figure class=\"gallery__item show-mob\"><picture><source srcset=\"https:\/\/www.leparcdelagreve.com\/wp-content\/uploads\/2025\/10\/photo-plage-restauration-408x420.webp\" media=\"(max-width: 210px)\"><source srcset=\"https:\/\/www.leparcdelagreve.com\/wp-content\/uploads\/2025\/10\/photo-plage-restauration.webp\" media=\"(max-width: 420px)\"><source srcset=\"https:\/\/www.leparcdelagreve.com\/wp-content\/uploads\/2025\/10\/photo-plage-restauration-768x791.webp\" media=\"(max-width: 850px)\"><source srcset=\"https:\/\/www.leparcdelagreve.com\/wp-content\/uploads\/2025\/10\/photo-plage-restauration.webp\" media=\"(max-width: 1024px)\"><source srcset=\"https:\/\/www.leparcdelagreve.com\/wp-content\/uploads\/2025\/10\/photo-plage-restauration.webp\" media=\"(min-width: 1025px)\"><img decoding=\"async\" src=\"https:\/\/www.leparcdelagreve.com\/wp-content\/uploads\/2025\/10\/photo-plage-restauration-408x420.webp\" width=\"420\" height=\"210\" loading=\"lazy\" alt=\"\" title=\"\"><\/picture><\/figure><figure class=\"gallery__item show-mob\"><picture><source srcset=\"https:\/\/www.leparcdelagreve.com\/wp-content\/uploads\/2025\/10\/photo-alentours-plages-267x420.webp\" media=\"(max-width: 210px)\"><source srcset=\"https:\/\/www.leparcdelagreve.com\/wp-content\/uploads\/2025\/10\/photo-alentours-plages-541x850.webp\" media=\"(max-width: 420px)\"><source srcset=\"https:\/\/www.leparcdelagreve.com\/wp-content\/uploads\/2025\/10\/photo-alentours-plages.webp\" media=\"(max-width: 850px)\"><source srcset=\"https:\/\/www.leparcdelagreve.com\/wp-content\/uploads\/2025\/10\/photo-alentours-plages.webp\" media=\"(max-width: 1024px)\"><source srcset=\"https:\/\/www.leparcdelagreve.com\/wp-content\/uploads\/2025\/10\/photo-alentours-plages.webp\" media=\"(min-width: 1025px)\"><img decoding=\"async\" src=\"https:\/\/www.leparcdelagreve.com\/wp-content\/uploads\/2025\/10\/photo-alentours-plages-267x420.webp\" width=\"420\" height=\"210\" loading=\"lazy\" alt=\"\" title=\"\"><\/picture><\/figure><figure class=\"gallery__item show-mob\"><picture><source srcset=\"https:\/\/www.leparcdelagreve.com\/wp-content\/uploads\/2025\/10\/photo-marais-sel-268x420.webp\" media=\"(max-width: 210px)\"><source srcset=\"https:\/\/www.leparcdelagreve.com\/wp-content\/uploads\/2025\/10\/photo-marais-sel-543x850.webp\" media=\"(max-width: 420px)\"><source srcset=\"https:\/\/www.leparcdelagreve.com\/wp-content\/uploads\/2025\/10\/photo-marais-sel.webp\" media=\"(max-width: 850px)\"><source srcset=\"https:\/\/www.leparcdelagreve.com\/wp-content\/uploads\/2025\/10\/photo-marais-sel.webp\" media=\"(max-width: 1024px)\"><source srcset=\"https:\/\/www.leparcdelagreve.com\/wp-content\/uploads\/2025\/10\/photo-marais-sel.webp\" media=\"(min-width: 1025px)\"><img decoding=\"async\" src=\"https:\/\/www.leparcdelagreve.com\/wp-content\/uploads\/2025\/10\/photo-marais-sel-268x420.webp\" width=\"420\" height=\"210\" loading=\"lazy\" alt=\"\" title=\"\"><\/picture><\/figure><\/div><p class=\"wording\" style=\"text-align: right;\"  ><span class=\"fc-span\">Onmisbare<\/span> plekken<\/p><div class=\"gallery hide-mob\"><figure class=\"gallery__item\"><picture><source srcset=\"https:\/\/www.leparcdelagreve.com\/wp-content\/uploads\/2025\/10\/photo-plage-restauration-408x420.webp\" media=\"(max-width: 210px)\"><source srcset=\"https:\/\/www.leparcdelagreve.com\/wp-content\/uploads\/2025\/10\/photo-plage-restauration.webp\" media=\"(max-width: 420px)\"><source srcset=\"https:\/\/www.leparcdelagreve.com\/wp-content\/uploads\/2025\/10\/photo-plage-restauration-768x791.webp\" media=\"(max-width: 850px)\"><source srcset=\"https:\/\/www.leparcdelagreve.com\/wp-content\/uploads\/2025\/10\/photo-plage-restauration.webp\" media=\"(max-width: 1024px)\"><source srcset=\"https:\/\/www.leparcdelagreve.com\/wp-content\/uploads\/2025\/10\/photo-plage-restauration.webp\" media=\"(min-width: 1025px)\"><img decoding=\"async\" src=\"https:\/\/www.leparcdelagreve.com\/wp-content\/uploads\/2025\/10\/photo-plage-restauration-408x420.webp\" width=\"420\" height=\"210\" loading=\"lazy\" alt=\"\" title=\"\"><\/picture><\/figure><\/div><\/div><div class=\"columns__item fade-right hide-mob\"><div class=\"gallery col-1\"><figure class=\"gallery__item\"><picture><source srcset=\"https:\/\/www.leparcdelagreve.com\/wp-content\/uploads\/2025\/10\/photo-alentours-plages-267x420.webp\" media=\"(max-width: 210px)\"><source srcset=\"https:\/\/www.leparcdelagreve.com\/wp-content\/uploads\/2025\/10\/photo-alentours-plages-541x850.webp\" media=\"(max-width: 420px)\"><source srcset=\"https:\/\/www.leparcdelagreve.com\/wp-content\/uploads\/2025\/10\/photo-alentours-plages.webp\" media=\"(max-width: 850px)\"><source srcset=\"https:\/\/www.leparcdelagreve.com\/wp-content\/uploads\/2025\/10\/photo-alentours-plages.webp\" media=\"(max-width: 1024px)\"><source srcset=\"https:\/\/www.leparcdelagreve.com\/wp-content\/uploads\/2025\/10\/photo-alentours-plages.webp\" media=\"(min-width: 1025px)\"><img decoding=\"async\" src=\"https:\/\/www.leparcdelagreve.com\/wp-content\/uploads\/2025\/10\/photo-alentours-plages-267x420.webp\" width=\"420\" height=\"210\" loading=\"lazy\" alt=\"\" title=\"\"><\/picture><\/figure><figure class=\"gallery__item\"><picture><source srcset=\"https:\/\/www.leparcdelagreve.com\/wp-content\/uploads\/2025\/10\/photo-marais-sel-268x420.webp\" media=\"(max-width: 210px)\"><source srcset=\"https:\/\/www.leparcdelagreve.com\/wp-content\/uploads\/2025\/10\/photo-marais-sel-543x850.webp\" media=\"(max-width: 420px)\"><source srcset=\"https:\/\/www.leparcdelagreve.com\/wp-content\/uploads\/2025\/10\/photo-marais-sel.webp\" media=\"(max-width: 850px)\"><source srcset=\"https:\/\/www.leparcdelagreve.com\/wp-content\/uploads\/2025\/10\/photo-marais-sel.webp\" media=\"(max-width: 1024px)\"><source srcset=\"https:\/\/www.leparcdelagreve.com\/wp-content\/uploads\/2025\/10\/photo-marais-sel.webp\" media=\"(min-width: 1025px)\"><img decoding=\"async\" src=\"https:\/\/www.leparcdelagreve.com\/wp-content\/uploads\/2025\/10\/photo-marais-sel-268x420.webp\" width=\"420\" height=\"210\" loading=\"lazy\" alt=\"\" title=\"\"><\/picture><\/figure><\/div><\/div><\/div><ul class=\"pictos big\"><li class=\"fade-down\"><span class=\"fc-icon\"><svg xmlns=\"http:\/\/www.w3.org\/2000\/svg\"  viewBox=\"0 0 448 512\" width=\"16px\" height=\"16px\"><!--! Font Awesome Pro 6.4.2 by @fontawesome - https:\/\/fontawesome.com License - https:\/\/fontawesome.com\/license (Commercial License) Copyright 2023 Fonticons, Inc.--><path d=\"M280.4 32c-4 0-7.9 .6-11.7 1.8L204.2 53.6C130.4 76.3 80 144.5 80 221.8V288h8c22.1 0 40 17.9 40 40V472c0 22.1-17.9 40-40 40H40c-22.1 0-40-17.9-40-40V328c0-22.1 17.9-40 40-40h8V221.8C48 130.5 107.6 49.9 194.8 23L259.3 3.2C266.1 1.1 273.2 0 280.4 0C319.9 0 352 32.1 352 71.6V136c0 8.8-7.2 16-16 16s-16-7.2-16-16V71.6C320 49.7 302.3 32 280.4 32zm48.5 145.7c4.5-2.3 9.8-2.3 14.3 0c17.9 8.9 43.7 27.1 65.2 53.4C430 257.5 448 292.9 448 336c0 33.5-15.1 80.9-58.2 115.8l23.5 35.3c3.3 4.9 3.6 11.2 .8 16.4s-8.2 8.5-14.1 8.5H272c-5.9 0-11.3-3.2-14.1-8.5s-2.5-11.5 .8-16.4l23.5-35.3C239.1 416.9 224 369.5 224 336c0-43.1 18-78.5 39.6-104.9c21.5-26.3 47.4-44.4 65.2-53.4zM256 336c0 27.3 13.9 70 56.9 98.7c7.4 4.9 9.3 14.8 4.4 22.2L301.9 480h68.2l-15.4-23.1c-4.9-7.4-2.9-17.3 4.4-22.2C402.1 406 416 363.3 416 336c0-33.7-14-62.3-32.4-84.7c-15.6-19-33.8-33-47.6-41.1c-13.8 8.1-32 22.1-47.6 41.1C270 273.7 256 302.3 256 336zM88 320H40c-4.4 0-8 3.6-8 8V472c0 4.4 3.6 8 8 8H88c4.4 0 8-3.6 8-8V328c0-4.4-3.6-8-8-8zm272-32a24 24 0 1 1 0 48 24 24 0 1 1 0-48z\"\/><\/svg><\/span> Priv\u00e9vijver ter plaatse\n<\/li><li class=\"fade-up\"><span class=\"fc-icon\"><svg xmlns=\"http:\/\/www.w3.org\/2000\/svg\"  viewBox=\"0 0 640 512\" width=\"16px\" height=\"16px\"><!--! Font Awesome Pro 6.4.2 by @fontawesome - https:\/\/fontawesome.com License - https:\/\/fontawesome.com\/license (Commercial License) Copyright 2023 Fonticons, Inc.--><path d=\"M435.1 13.1c-1-5.3-4.6-9.8-9.6-11.9s-10.7-1.5-15.2 1.6L320 65.1 229.7 2.8c-4.5-3.1-10.2-3.7-15.2-1.6s-8.6 6.6-9.6 11.9L185 121 77.1 140.8c-5.3 1-9.8 4.6-11.9 9.6s-1.5 10.7 1.6 15.2L129.1 256l0 0h35.4c0-3.2-.9-6.4-2.8-9.1l-54.5-79.1 94.5-17.4c6.5-1.2 11.6-6.3 12.8-12.8l17.4-94.5 79.1 54.5c5.5 3.8 12.7 3.8 18.2 0l79.1-54.5 17.4 94.5c1.2 6.5 6.3 11.6 12.8 12.8l94.5 17.4-54.5 79.1c-1.9 2.7-2.8 5.9-2.8 9.1h35.4l0 0 62.3-90.3c3.1-4.5 3.7-10.2 1.6-15.2s-6.6-8.6-11.9-9.6L455 121 435.1 13.1zM448 256c0-70.7-57.3-128-128-128s-128 57.3-128 128v0h32v0c0-53 43-96 96-96s96 43 96 96v0h32v0zM80 288c-8.8 0-16 7.2-16 16s7.2 16 16 16H400c8.8 0 16-7.2 16-16s-7.2-16-16-16H80zm416 0c-8.8 0-16 7.2-16 16s7.2 16 16 16H624c8.8 0 16-7.2 16-16s-7.2-16-16-16H496zM16 384c-8.8 0-16 7.2-16 16s7.2 16 16 16H560c8.8 0 16-7.2 16-16s-7.2-16-16-16H16zm64 96c-8.8 0-16 7.2-16 16s7.2 16 16 16H208c8.8 0 16-7.2 16-16s-7.2-16-16-16H80zm224 0c-8.8 0-16 7.2-16 16s7.2 16 16 16H624c8.8 0 16-7.2 16-16s-7.2-16-16-16H304z\"\/><\/svg><\/span> Rustgevende natuurlijke omgeving\n<\/li><li class=\"fade-down\"><span class=\"fc-icon\"><svg xmlns=\"http:\/\/www.w3.org\/2000\/svg\"  viewBox=\"0 0 576 512\" width=\"16px\" height=\"16px\"><!--! Font Awesome Pro 6.4.2 by @fontawesome - https:\/\/fontawesome.com License - https:\/\/fontawesome.com\/license (Commercial License) Copyright 2023 Fonticons, Inc.--><path d=\"M163.9 28.9C191.7 .7 235.8-.8 265.3 24.3c5.8 4.9 11 10.4 16.3 15.9c2.1 2.2 4.2 4.5 6.4 6.6c2.1-2.2 4.3-4.4 6.4-6.6c5.2-5.5 10.5-11 16.3-15.9C340.2-.8 384.3 .7 412.1 28.9c29.4 29.8 29.4 78.2 0 108L310.5 240.1c-6.2 6.3-14.3 9.4-22.5 9.4s-16.3-3.1-22.5-9.4L163.9 136.9c-29.4-29.8-29.4-78.2 0-108zm83.6 22.5c-16.8-17.1-44-17.1-60.8 0c-17.1 17.4-17.1 45.7 0 63.1L288 217.3 389.3 114.4c17.1-17.4 17.1-45.7 0-63.1c-16.8-17.1-44-17.1-60.8 0L299.4 80.9c-6.3 6.4-16.5 6.4-22.8 0L247.5 51.4zM151 317.4c13.1-8.8 28.6-13.4 44.4-13.4H344c30.9 0 56 25.1 56 56c0 8.6-1.9 16.7-5.4 24h5.6l94.7-56.4c8.3-4.9 17.8-7.6 27.5-7.6h1.3c28.9 0 52.3 23.4 52.3 52.3c0 17.7-9 34.2-23.8 43.8L432.6 493.9c-18.2 11.8-39.4 18.1-61 18.1H16c-8.8 0-16-7.2-16-16s7.2-16 16-16H371.5c15.5 0 30.6-4.5 43.6-12.9l119.6-77.8c5.8-3.7 9.2-10.2 9.2-17c0-11.2-9.1-20.3-20.3-20.3h-1.3c-3.9 0-7.7 1.1-11.1 3l-98.5 58.7c-2.5 1.5-5.3 2.3-8.2 2.3H344 320 256c-8.8 0-16-7.2-16-16s7.2-16 16-16h64 24c13.3 0 24-10.7 24-24s-10.7-24-24-24H195.4c-9.5 0-18.7 2.8-26.6 8.1L88.9 397.3c-2.6 1.8-5.7 2.7-8.9 2.7H16c-8.8 0-16-7.2-16-16s7.2-16 16-16H75.2L151 317.4z\"\/><\/svg><\/span> Plezier voor iedereen\n<\/li><\/ul><div class=\"columns mini\" style=\"align-items:center;\"><div class=\"columns__item flex-05 fade-left\" style=\"align-self:center;\"><p class=\"wording bg-2\"   >Ontspanning &amp; <span class=\"fc-span\">welzijn<\/span><\/p><\/div><div class=\"columns__item fade-right\" style=\"align-self:center;\"><h2>Diensten voor een comfortabel verblijf<\/h2><p    >Op Camping Le Parc de la Gr\u00e8ve wordt alles in het werk gesteld om uw vakantie comfortabel en zorgeloos te maken. Geniet van huisgemaakte gerechten in het bistro, een drankje in een gezellige sfeer aan de bar, of haal uw brood en dagelijkse benodigdheden bij onze kleine winkel (beschikbaar in juli en augustus). U kunt ook fietsen of barbecue\u2019s huren. Zo beleeft u een eenvoudig, warm en plezierig verblijf, onder de persoonlijke en vriendelijke begeleiding van uw gastvrouwen Virginie en St\u00e9phane.   <\/p><div class=\"buttons\"><a href=\"https:\/\/www.leparcdelagreve.com\/nl\/faciliteiten\/\" rel=\"noreferrer noopener\" rel=\"noreferrer noopener\" rel=\"noreferrer noopener\" rel=\"noreferrer noopener\" class=\"buttons__btn\">Bekijk onze diensten <span class=\"fc-icon\"><svg xmlns=\"http:\/\/www.w3.org\/2000\/svg\"  viewBox=\"0 0 448 512\" width=\"16px\" height=\"16px\"><!--! Font Awesome Pro 6.4.2 by @fontawesome - https:\/\/fontawesome.com License - https:\/\/fontawesome.com\/license (Commercial License) Copyright 2023 Fonticons, Inc.--><path d=\"M438.6 278.6c12.5-12.5 12.5-32.8 0-45.3l-160-160c-12.5-12.5-32.8-12.5-45.3 0s-12.5 32.8 0 45.3L338.8 224 32 224c-17.7 0-32 14.3-32 32s14.3 32 32 32l306.7 0L233.4 393.4c-12.5 12.5-12.5 32.8 0 45.3s32.8 12.5 45.3 0l160-160z\"\/><\/svg><\/span><\/a><\/div><\/div><\/div><div class=\"group sec-15\"><div class=\"columns sec-15\"><div class=\"columns__item fade-left\"><h2>Activiteiten voor het hele gezin<\/h2><p    >Plezier is gegarandeerd voor jong en oud. Kinderen van 5 tot 12 jaar kunnen regelmatig deelnemen aan begeleide animaties, terwijl de oudere kinderen en volwassenen meedoen aan sporttoernooien in een gezellige sfeer. Creatieve workshops zorgen voor mooie momenten met het hele gezin, en gezellige avonden brengen iedereen samen voor bingo, kindershows of gezinsactiviteiten.  <\/p><div class=\"buttons\"><a href=\"https:\/\/www.leparcdelagreve.com\/nl\/activiteit\/\" rel=\"noreferrer noopener\" rel=\"noreferrer noopener\" rel=\"noreferrer noopener\" rel=\"noreferrer noopener\" class=\"buttons__btn\">Bekijk de activiteiten <span class=\"fc-icon\"><svg xmlns=\"http:\/\/www.w3.org\/2000\/svg\"  viewBox=\"0 0 448 512\" width=\"16px\" height=\"16px\"><!--! Font Awesome Pro 6.4.2 by @fontawesome - https:\/\/fontawesome.com License - https:\/\/fontawesome.com\/license (Commercial License) Copyright 2023 Fonticons, Inc.--><path d=\"M438.6 278.6c12.5-12.5 12.5-32.8 0-45.3l-160-160c-12.5-12.5-32.8-12.5-45.3 0s-12.5 32.8 0 45.3L338.8 224 32 224c-17.7 0-32 14.3-32 32s14.3 32 32 32l306.7 0L233.4 393.4c-12.5 12.5-12.5 32.8 0 45.3s32.8 12.5 45.3 0l160-160z\"\/><\/svg><\/span><\/a><\/div><\/div><div class=\"columns__item fade-right\"><div class=\"gallery f-carousel fc-diapo-mob\" data-fancybox=\"gallery-mob\"><figure class=\"gallery__item\"><picture><source srcset=\"https:\/\/www.leparcdelagreve.com\/wp-content\/uploads\/2025\/11\/Camping-Le-Parc-de-la-Greve_restauration-420x280.webp\" media=\"(max-width: 210px)\"><source srcset=\"https:\/\/www.leparcdelagreve.com\/wp-content\/uploads\/2025\/11\/Camping-Le-Parc-de-la-Greve_restauration-850x566.webp\" media=\"(max-width: 420px)\"><source srcset=\"https:\/\/www.leparcdelagreve.com\/wp-content\/uploads\/2025\/11\/Camping-Le-Parc-de-la-Greve_restauration-768x512.webp\" media=\"(max-width: 850px)\"><source srcset=\"https:\/\/www.leparcdelagreve.com\/wp-content\/uploads\/2025\/11\/Camping-Le-Parc-de-la-Greve_restauration-1024x682.webp\" media=\"(max-width: 1024px)\"><source srcset=\"https:\/\/www.leparcdelagreve.com\/wp-content\/uploads\/2025\/11\/Camping-Le-Parc-de-la-Greve_restauration.webp\" media=\"(min-width: 1025px)\"><img decoding=\"async\" src=\"https:\/\/www.leparcdelagreve.com\/wp-content\/uploads\/2025\/11\/Camping-Le-Parc-de-la-Greve_restauration-420x280.webp\" width=\"420\" height=\"210\" loading=\"lazy\" alt=\"\" title=\"\"><\/picture><\/figure><figure class=\"gallery__item\"><picture><source srcset=\"https:\/\/www.leparcdelagreve.com\/wp-content\/uploads\/2025\/11\/photo-638418651283608499-2-1-420x280.webp\" media=\"(max-width: 210px)\"><source srcset=\"https:\/\/www.leparcdelagreve.com\/wp-content\/uploads\/2025\/11\/photo-638418651283608499-2-1-850x566.webp\" media=\"(max-width: 420px)\"><source srcset=\"https:\/\/www.leparcdelagreve.com\/wp-content\/uploads\/2025\/11\/photo-638418651283608499-2-1-768x512.webp\" media=\"(max-width: 850px)\"><source srcset=\"https:\/\/www.leparcdelagreve.com\/wp-content\/uploads\/2025\/11\/photo-638418651283608499-2-1-1024x682.webp\" media=\"(max-width: 1024px)\"><source srcset=\"https:\/\/www.leparcdelagreve.com\/wp-content\/uploads\/2025\/11\/photo-638418651283608499-2-1.webp\" media=\"(min-width: 1025px)\"><img decoding=\"async\" src=\"https:\/\/www.leparcdelagreve.com\/wp-content\/uploads\/2025\/11\/photo-638418651283608499-2-1-420x280.webp\" width=\"420\" height=\"210\" loading=\"lazy\" alt=\"\" title=\"\"><\/picture><\/figure><\/div><\/div><\/div><div class=\"columns\"><div class=\"columns__item fade-left hide-mob\"><div class=\"gallery\"><figure class=\"gallery__item\"><picture><source srcset=\"https:\/\/www.leparcdelagreve.com\/wp-content\/uploads\/2025\/10\/photo-filet-volley-420x255.webp\" media=\"(max-width: 210px)\"><source srcset=\"https:\/\/www.leparcdelagreve.com\/wp-content\/uploads\/2025\/10\/photo-filet-volley-850x516.webp\" media=\"(max-width: 420px)\"><source srcset=\"https:\/\/www.leparcdelagreve.com\/wp-content\/uploads\/2025\/10\/photo-filet-volley-768x466.webp\" media=\"(max-width: 850px)\"><source srcset=\"https:\/\/www.leparcdelagreve.com\/wp-content\/uploads\/2025\/10\/photo-filet-volley-1024x621.webp\" media=\"(max-width: 1024px)\"><source srcset=\"https:\/\/www.leparcdelagreve.com\/wp-content\/uploads\/2025\/10\/photo-filet-volley.webp\" media=\"(min-width: 1025px)\"><img decoding=\"async\" src=\"https:\/\/www.leparcdelagreve.com\/wp-content\/uploads\/2025\/10\/photo-filet-volley-420x255.webp\" width=\"420\" height=\"210\" loading=\"lazy\" alt=\"\" title=\"\"><\/picture><\/figure><\/div><\/div><div class=\"columns__item fade-right\"><p class=\"wording bg-2\"   ><span class=\"fc-span\">Gezellige <\/span>gezinsfeer<\/p><div class=\"gallery hide-mob f-carousel fc-diapo-mob\" data-fancybox=\"gallery-mob\"><figure class=\"gallery__item\"><picture><source srcset=\"https:\/\/www.leparcdelagreve.com\/wp-content\/uploads\/2025\/10\/photo-peche-420x275.webp\" media=\"(max-width: 210px)\"><source srcset=\"https:\/\/www.leparcdelagreve.com\/wp-content\/uploads\/2025\/10\/photo-peche-850x557.webp\" media=\"(max-width: 420px)\"><source srcset=\"https:\/\/www.leparcdelagreve.com\/wp-content\/uploads\/2025\/10\/photo-peche-768x503.webp\" media=\"(max-width: 850px)\"><source srcset=\"https:\/\/www.leparcdelagreve.com\/wp-content\/uploads\/2025\/10\/photo-peche.webp\" media=\"(max-width: 1024px)\"><source srcset=\"https:\/\/www.leparcdelagreve.com\/wp-content\/uploads\/2025\/10\/photo-peche.webp\" media=\"(min-width: 1025px)\"><img decoding=\"async\" src=\"https:\/\/www.leparcdelagreve.com\/wp-content\/uploads\/2025\/10\/photo-peche-420x275.webp\" width=\"420\" height=\"210\" loading=\"lazy\" alt=\"\" title=\"\"><\/picture><\/figure><figure class=\"gallery__item show-mob\"><picture><source srcset=\"https:\/\/www.leparcdelagreve.com\/wp-content\/uploads\/2025\/10\/photo-filet-volley-420x255.webp\" media=\"(max-width: 210px)\"><source srcset=\"https:\/\/www.leparcdelagreve.com\/wp-content\/uploads\/2025\/10\/photo-filet-volley-850x516.webp\" media=\"(max-width: 420px)\"><source srcset=\"https:\/\/www.leparcdelagreve.com\/wp-content\/uploads\/2025\/10\/photo-filet-volley-768x466.webp\" media=\"(max-width: 850px)\"><source srcset=\"https:\/\/www.leparcdelagreve.com\/wp-content\/uploads\/2025\/10\/photo-filet-volley-1024x621.webp\" media=\"(max-width: 1024px)\"><source srcset=\"https:\/\/www.leparcdelagreve.com\/wp-content\/uploads\/2025\/10\/photo-filet-volley.webp\" media=\"(min-width: 1025px)\"><img decoding=\"async\" src=\"https:\/\/www.leparcdelagreve.com\/wp-content\/uploads\/2025\/10\/photo-filet-volley-420x255.webp\" width=\"420\" height=\"210\" loading=\"lazy\" alt=\"\" title=\"\"><\/picture><\/figure><\/div><\/div><\/div><\/div>","protected":false},"excerpt":{"rendered":"<p>Welkom bij Camping Le Parc de la Gr\u00e8ve**** Wacht niet langer! Le Parc de la Gr\u00e8ve, uw oase van natuur in de Vend\u00e9e Welkom bij de 4-sterren Camping Ushua\u00efa Villages Le Parc de la Gr\u00e8ve in L\u2019Aiguillon-sur-Vie, nabij Saint-Gilles-Croix-de-Vie in de Vend\u00e9e. Deze gezinscamping van 2,5 hectare, midden in het groen, biedt u een rustige, [&hellip;]<\/p>\n","protected":false},"author":1,"featured_media":0,"parent":0,"menu_order":0,"comment_status":"open","ping_status":"open","template":"","meta":{"_acf_changed":false,"footnotes":""},"acf":[],"_links":{"self":[{"href":"https:\/\/www.leparcdelagreve.com\/nl\/wp-json\/wp\/v2\/pages\/1127"}],"collection":[{"href":"https:\/\/www.leparcdelagreve.com\/nl\/wp-json\/wp\/v2\/pages"}],"about":[{"href":"https:\/\/www.leparcdelagreve.com\/nl\/wp-json\/wp\/v2\/types\/page"}],"author":[{"embeddable":true,"href":"https:\/\/www.leparcdelagreve.com\/nl\/wp-json\/wp\/v2\/users\/1"}],"replies":[{"embeddable":true,"href":"https:\/\/www.leparcdelagreve.com\/nl\/wp-json\/wp\/v2\/comments?post=1127"}],"version-history":[{"count":2,"href":"https:\/\/www.leparcdelagreve.com\/nl\/wp-json\/wp\/v2\/pages\/1127\/revisions"}],"predecessor-version":[{"id":1322,"href":"https:\/\/www.leparcdelagreve.com\/nl\/wp-json\/wp\/v2\/pages\/1127\/revisions\/1322"}],"wp:attachment":[{"href":"https:\/\/www.leparcdelagreve.com\/nl\/wp-json\/wp\/v2\/media?parent=1127"}],"curies":[{"name":"wp","href":"https:\/\/api.w.org\/{rel}","templated":true}]}}