{"id":1165,"date":"2025-10-23T14:45:24","date_gmt":"2025-10-23T12:45:24","guid":{"rendered":"https:\/\/www.leparcdelagreve.com\/de-geschiedenis-van-camping-le-parc-de-la-greve\/"},"modified":"2026-02-10T16:30:38","modified_gmt":"2026-02-10T15:30:38","slug":"de-geschiedenis-van-camping-le-parc-de-la-greve","status":"publish","type":"page","link":"https:\/\/www.leparcdelagreve.com\/nl\/de-geschiedenis-van-camping-le-parc-de-la-greve\/","title":{"rendered":"De geschiedenis van camping Le Parc de la Gr\u00e8ve"},"content":{"rendered":"<div class=\"diaporama-header align-full\"><div class=\"gallery\"><figure class=\"gallery__item\"><picture><source srcset=\"https:\/\/www.leparcdelagreve.com\/wp-content\/uploads\/2025\/11\/photo-636579497743728642-2-420x208.webp\" media=\"(max-width: 210px)\"><source srcset=\"https:\/\/www.leparcdelagreve.com\/wp-content\/uploads\/2025\/11\/photo-636579497743728642-2-850x421.webp\" media=\"(max-width: 420px)\"><source srcset=\"https:\/\/www.leparcdelagreve.com\/wp-content\/uploads\/2025\/11\/photo-636579497743728642-2-768x381.webp\" media=\"(max-width: 850px)\"><source srcset=\"https:\/\/www.leparcdelagreve.com\/wp-content\/uploads\/2025\/11\/photo-636579497743728642-2-1024x508.webp\" media=\"(max-width: 1024px)\"><source srcset=\"https:\/\/www.leparcdelagreve.com\/wp-content\/uploads\/2025\/11\/photo-636579497743728642-2.webp\" media=\"(min-width: 1025px)\"><img loading=\"lazy\" decoding=\"async\" src=\"https:\/\/www.leparcdelagreve.com\/wp-content\/uploads\/2025\/11\/photo-636579497743728642-2-420x208.webp\" width=\"420\" height=\"210\" alt=\"\" title=\"\"><\/picture><\/figure><\/div><div class=\"diaporama-header__inner\"><h1 class=\"right\">De geschiedenis van camping <span class=\"fc-span\">Le Parc de la Gr\u00e8ve<\/span><\/h1><div class=\"group hide-mob\"><p class=\"center\" style=\"text-align: center;\"  >Wacht niet langer!<\/p><div class=\"buttons display-flex \" style=\"justify-content:center;\"><span class=\"buttons__btn btn-resa is-style-1\">Nu reserveren <span class=\"fc-icon\"><svg xmlns=\"http:\/\/www.w3.org\/2000\/svg\"  viewBox=\"0 0 448 512\" width=\"16px\" height=\"16px\"><!--! Font Awesome Pro 6.4.2 by @fontawesome - https:\/\/fontawesome.com License - https:\/\/fontawesome.com\/license (Commercial License) Copyright 2023 Fonticons, Inc.--><path d=\"M438.6 278.6c12.5-12.5 12.5-32.8 0-45.3l-160-160c-12.5-12.5-32.8-12.5-45.3 0s-12.5 32.8 0 45.3L338.8 224 32 224c-17.7 0-32 14.3-32 32s14.3 32 32 32l306.7 0L233.4 393.4c-12.5 12.5-12.5 32.8 0 45.3s32.8 12.5 45.3 0l160-160z\"\/><\/svg><\/span><\/span><\/div><figure class=\"bg\"><picture><source srcset=\"https:\/\/www.leparcdelagreve.com\/wp-content\/uploads\/2025\/10\/form-group-420x96.webp\" media=\"(max-width: 210px)\"><source srcset=\"https:\/\/www.leparcdelagreve.com\/wp-content\/uploads\/2025\/10\/form-group-850x194.webp\" media=\"(max-width: 420px)\"><source srcset=\"https:\/\/www.leparcdelagreve.com\/wp-content\/uploads\/2025\/10\/form-group-768x176.webp\" media=\"(max-width: 850px)\"><source srcset=\"https:\/\/www.leparcdelagreve.com\/wp-content\/uploads\/2025\/10\/form-group-1024x234.webp\" media=\"(max-width: 1024px)\"><source srcset=\"https:\/\/www.leparcdelagreve.com\/wp-content\/uploads\/2025\/10\/form-group.webp\" media=\"(min-width: 1025px)\"><img decoding=\"async\" src=\"https:\/\/www.leparcdelagreve.com\/wp-content\/uploads\/2025\/10\/form-group-420x96.webp\" width=\"420\" height=\"210\" loading=\"lazy\" alt=\"\" title=\"\"><\/picture><\/figure><\/div><figure class=\"form\"><picture><source srcset=\"https:\/\/www.leparcdelagreve.com\/wp-content\/uploads\/2025\/10\/form-diapo-header-420x28.webp\" media=\"(max-width: 210px)\"><source srcset=\"https:\/\/www.leparcdelagreve.com\/wp-content\/uploads\/2025\/10\/form-diapo-header-850x57.webp\" media=\"(max-width: 420px)\"><source srcset=\"https:\/\/www.leparcdelagreve.com\/wp-content\/uploads\/2025\/10\/form-diapo-header-768x51.webp\" media=\"(max-width: 850px)\"><source srcset=\"https:\/\/www.leparcdelagreve.com\/wp-content\/uploads\/2025\/10\/form-diapo-header-1024x68.webp\" media=\"(max-width: 1024px)\"><source srcset=\"https:\/\/www.leparcdelagreve.com\/wp-content\/uploads\/2025\/10\/form-diapo-header.webp\" media=\"(min-width: 1025px)\"><img loading=\"lazy\" decoding=\"async\" src=\"https:\/\/www.leparcdelagreve.com\/wp-content\/uploads\/2025\/10\/form-diapo-header-420x28.webp\" width=\"420\" height=\"210\" alt=\"\" title=\"\"><\/picture><\/figure><\/div><\/div><div class=\"columns sec-10\"><div class=\"columns__item flex-14\"><div class=\"group fade-left\"><p class=\"h1\"   >De geschiedenis van camping Le Parc de la Gr\u00e8ve<\/p><p    >Het begon allemaal eind jaren 1950. Veel jonge Vend\u00e9ens vertrokken naar Parijs om te werken en keerden elk jaar terug op vakantie. Maar door het gebrek aan accommodatie waren ze op zoek naar een plek om te kamperen. Coquineau, de grootvader van <strong>Jacques Rio,<\/strong> bezat meerdere hectaren bos en weilanden in L\u2019Aiguillon-sur-Vie en stond graag toe dat er tenten werden opgezet voor de vakantie.   <\/p><p    >In de loop der tijd nam het aantal kampeerders toe en werd het idee om een offici\u00eble camping te cre\u00ebren steeds duidelijker: in de buurt van Saint-Gilles-Croix-de-Vie waren er toen nog maar zeer weinig campings.<\/p><\/div><div class=\"gallery fade-up hide-mob\"><figure class=\"gallery__item\"><picture><source srcset=\"https:\/\/www.leparcdelagreve.com\/wp-content\/uploads\/2025\/11\/Maeva_Parc_de_la_Greve_Drone6-420x280.webp\" media=\"(max-width: 210px)\"><source srcset=\"https:\/\/www.leparcdelagreve.com\/wp-content\/uploads\/2025\/11\/Maeva_Parc_de_la_Greve_Drone6-850x566.webp\" media=\"(max-width: 420px)\"><source srcset=\"https:\/\/www.leparcdelagreve.com\/wp-content\/uploads\/2025\/11\/Maeva_Parc_de_la_Greve_Drone6-768x511.webp\" media=\"(max-width: 850px)\"><source srcset=\"https:\/\/www.leparcdelagreve.com\/wp-content\/uploads\/2025\/11\/Maeva_Parc_de_la_Greve_Drone6-1024x682.webp\" media=\"(max-width: 1024px)\"><source srcset=\"https:\/\/www.leparcdelagreve.com\/wp-content\/uploads\/2025\/11\/Maeva_Parc_de_la_Greve_Drone6.webp\" media=\"(min-width: 1025px)\"><img decoding=\"async\" src=\"https:\/\/www.leparcdelagreve.com\/wp-content\/uploads\/2025\/11\/Maeva_Parc_de_la_Greve_Drone6-420x280.webp\" width=\"420\" height=\"210\" loading=\"lazy\" alt=\"\" title=\"\"><\/picture><\/figure><\/div><\/div><div class=\"columns__item flex-13 fade-down\"><div class=\"gallery f-carousel fc-diapo-mob\" data-fancybox=\"gallery-mob\"><figure class=\"gallery__item\"><picture><source srcset=\"https:\/\/www.leparcdelagreve.com\/wp-content\/uploads\/2025\/11\/photo-636579497908479038-2-420x208.webp\" media=\"(max-width: 210px)\"><source srcset=\"https:\/\/www.leparcdelagreve.com\/wp-content\/uploads\/2025\/11\/photo-636579497908479038-2-850x421.webp\" media=\"(max-width: 420px)\"><source srcset=\"https:\/\/www.leparcdelagreve.com\/wp-content\/uploads\/2025\/11\/photo-636579497908479038-2-768x380.webp\" media=\"(max-width: 850px)\"><source srcset=\"https:\/\/www.leparcdelagreve.com\/wp-content\/uploads\/2025\/11\/photo-636579497908479038-2-1024x507.webp\" media=\"(max-width: 1024px)\"><source srcset=\"https:\/\/www.leparcdelagreve.com\/wp-content\/uploads\/2025\/11\/photo-636579497908479038-2.webp\" media=\"(min-width: 1025px)\"><img decoding=\"async\" src=\"https:\/\/www.leparcdelagreve.com\/wp-content\/uploads\/2025\/11\/photo-636579497908479038-2-420x208.webp\" width=\"420\" height=\"210\" loading=\"lazy\" alt=\"\" title=\"\"><\/picture><\/figure><figure class=\"gallery__item show-mob\"><picture><source srcset=\"https:\/\/www.leparcdelagreve.com\/wp-content\/uploads\/2025\/11\/photo-636579498106916989-2-420x208.webp\" media=\"(max-width: 210px)\"><source srcset=\"https:\/\/www.leparcdelagreve.com\/wp-content\/uploads\/2025\/11\/photo-636579498106916989-2-850x421.webp\" media=\"(max-width: 420px)\"><source srcset=\"https:\/\/www.leparcdelagreve.com\/wp-content\/uploads\/2025\/11\/photo-636579498106916989-2-768x380.webp\" media=\"(max-width: 850px)\"><source srcset=\"https:\/\/www.leparcdelagreve.com\/wp-content\/uploads\/2025\/11\/photo-636579498106916989-2-1024x507.webp\" media=\"(max-width: 1024px)\"><source srcset=\"https:\/\/www.leparcdelagreve.com\/wp-content\/uploads\/2025\/11\/photo-636579498106916989-2.webp\" media=\"(min-width: 1025px)\"><img decoding=\"async\" src=\"https:\/\/www.leparcdelagreve.com\/wp-content\/uploads\/2025\/11\/photo-636579498106916989-2-420x208.webp\" width=\"420\" height=\"210\" loading=\"lazy\" alt=\"\" title=\"\"><\/picture><\/figure><figure class=\"gallery__item show-mob\"><picture><source srcset=\"https:\/\/www.leparcdelagreve.com\/wp-content\/uploads\/2025\/11\/photo-636579498317079310-2-420x208.webp\" media=\"(max-width: 210px)\"><source srcset=\"https:\/\/www.leparcdelagreve.com\/wp-content\/uploads\/2025\/11\/photo-636579498317079310-2-850x421.webp\" media=\"(max-width: 420px)\"><source srcset=\"https:\/\/www.leparcdelagreve.com\/wp-content\/uploads\/2025\/11\/photo-636579498317079310-2-768x380.webp\" media=\"(max-width: 850px)\"><source srcset=\"https:\/\/www.leparcdelagreve.com\/wp-content\/uploads\/2025\/11\/photo-636579498317079310-2-1024x507.webp\" media=\"(max-width: 1024px)\"><source srcset=\"https:\/\/www.leparcdelagreve.com\/wp-content\/uploads\/2025\/11\/photo-636579498317079310-2.webp\" media=\"(min-width: 1025px)\"><img decoding=\"async\" src=\"https:\/\/www.leparcdelagreve.com\/wp-content\/uploads\/2025\/11\/photo-636579498317079310-2-420x208.webp\" width=\"420\" height=\"210\" loading=\"lazy\" alt=\"\" title=\"\"><\/picture><\/figure><\/div><p class=\"wording bg-2\"   ><span class=\"fc-span\">Lang, lang geleden\u2026<\/span><\/p><\/div><div class=\"columns__item fade-right hide-mob\"><div class=\"gallery col-1\"><figure class=\"gallery__item\"><picture><source srcset=\"https:\/\/www.leparcdelagreve.com\/wp-content\/uploads\/2025\/11\/photo-636579498106916989-2-420x208.webp\" media=\"(max-width: 210px)\"><source srcset=\"https:\/\/www.leparcdelagreve.com\/wp-content\/uploads\/2025\/11\/photo-636579498106916989-2-850x421.webp\" media=\"(max-width: 420px)\"><source srcset=\"https:\/\/www.leparcdelagreve.com\/wp-content\/uploads\/2025\/11\/photo-636579498106916989-2-768x380.webp\" media=\"(max-width: 850px)\"><source srcset=\"https:\/\/www.leparcdelagreve.com\/wp-content\/uploads\/2025\/11\/photo-636579498106916989-2-1024x507.webp\" media=\"(max-width: 1024px)\"><source srcset=\"https:\/\/www.leparcdelagreve.com\/wp-content\/uploads\/2025\/11\/photo-636579498106916989-2.webp\" media=\"(min-width: 1025px)\"><img decoding=\"async\" src=\"https:\/\/www.leparcdelagreve.com\/wp-content\/uploads\/2025\/11\/photo-636579498106916989-2-420x208.webp\" width=\"420\" height=\"210\" loading=\"lazy\" alt=\"\" title=\"\"><\/picture><\/figure><figure class=\"gallery__item\"><picture><source srcset=\"https:\/\/www.leparcdelagreve.com\/wp-content\/uploads\/2025\/11\/photo-636579498317079310-2-420x208.webp\" media=\"(max-width: 210px)\"><source srcset=\"https:\/\/www.leparcdelagreve.com\/wp-content\/uploads\/2025\/11\/photo-636579498317079310-2-850x421.webp\" media=\"(max-width: 420px)\"><source srcset=\"https:\/\/www.leparcdelagreve.com\/wp-content\/uploads\/2025\/11\/photo-636579498317079310-2-768x380.webp\" media=\"(max-width: 850px)\"><source srcset=\"https:\/\/www.leparcdelagreve.com\/wp-content\/uploads\/2025\/11\/photo-636579498317079310-2-1024x507.webp\" media=\"(max-width: 1024px)\"><source srcset=\"https:\/\/www.leparcdelagreve.com\/wp-content\/uploads\/2025\/11\/photo-636579498317079310-2.webp\" media=\"(min-width: 1025px)\"><img decoding=\"async\" src=\"https:\/\/www.leparcdelagreve.com\/wp-content\/uploads\/2025\/11\/photo-636579498317079310-2-420x208.webp\" width=\"420\" height=\"210\" loading=\"lazy\" alt=\"\" title=\"\"><\/picture><\/figure><\/div><\/div><\/div><div class=\"columns has-bleu-bg-color has-bg align-full\" style=\"background-color:var(--bleu);\"><div class=\"columns__item\" style=\"align-self:center;\"><h2>Het begin: Het Gallische Dorp<\/h2><p    >Jacques Rio herinnert zich:<\/p>\n<blockquote class=\"wp-block-quote\"><\/blockquote>\n<p    >Bij de opening stonden er alleen tenten, waren de kampeerplaatsen niet afgebakend en was de vergunning voor <strong>180 personen<\/strong>. Op 30 juli was de camping al volgeboekt! <\/p><p    >De oorspronkelijke naam, ge\u00efnspireerd door de stripreeks \u201cAsterix en Obelix\u201d, was <strong>Le Village Gaulois<\/strong>, voorgesteld door een ambachtsman bijgenaamd \u201cde dru\u00efde\u201d. Twee jaar later, om redenen van auteursrechten, werd de naam veranderd in<strong> Le Gaulois<\/strong>. <\/p><\/div><div class=\"columns__item\"><div class=\"gallery height-adapt\"><figure class=\"gallery__item\"><picture><source srcset=\"https:\/\/www.leparcdelagreve.com\/wp-content\/uploads\/2025\/11\/photo-636579497573480873-2-420x208.webp\" media=\"(max-width: 210px)\"><source srcset=\"https:\/\/www.leparcdelagreve.com\/wp-content\/uploads\/2025\/11\/photo-636579497573480873-2-850x421.webp\" media=\"(max-width: 420px)\"><source srcset=\"https:\/\/www.leparcdelagreve.com\/wp-content\/uploads\/2025\/11\/photo-636579497573480873-2-768x380.webp\" media=\"(max-width: 850px)\"><source srcset=\"https:\/\/www.leparcdelagreve.com\/wp-content\/uploads\/2025\/11\/photo-636579497573480873-2-1024x507.webp\" media=\"(max-width: 1024px)\"><source srcset=\"https:\/\/www.leparcdelagreve.com\/wp-content\/uploads\/2025\/11\/photo-636579497573480873-2.webp\" media=\"(min-width: 1025px)\"><img decoding=\"async\" src=\"https:\/\/www.leparcdelagreve.com\/wp-content\/uploads\/2025\/11\/photo-636579497573480873-2-420x208.webp\" width=\"420\" height=\"210\" loading=\"lazy\" alt=\"\" title=\"\"><\/picture><\/figure><\/div><\/div><\/div><div class=\"group sec-05\"><div class=\"columns reverse-mob\" style=\"align-items:center;\"><div class=\"columns__item fade-left\" style=\"align-self:center;\"><div class=\"gallery\"><figure class=\"gallery__item\"><picture><source srcset=\"https:\/\/www.leparcdelagreve.com\/wp-content\/uploads\/2025\/11\/photo-636579498450204535-2-420x208.webp\" media=\"(max-width: 210px)\"><source srcset=\"https:\/\/www.leparcdelagreve.com\/wp-content\/uploads\/2025\/11\/photo-636579498450204535-2-850x421.webp\" media=\"(max-width: 420px)\"><source srcset=\"https:\/\/www.leparcdelagreve.com\/wp-content\/uploads\/2025\/11\/photo-636579498450204535-2-768x380.webp\" media=\"(max-width: 850px)\"><source srcset=\"https:\/\/www.leparcdelagreve.com\/wp-content\/uploads\/2025\/11\/photo-636579498450204535-2-1024x507.webp\" media=\"(max-width: 1024px)\"><source srcset=\"https:\/\/www.leparcdelagreve.com\/wp-content\/uploads\/2025\/11\/photo-636579498450204535-2.webp\" media=\"(min-width: 1025px)\"><img decoding=\"async\" src=\"https:\/\/www.leparcdelagreve.com\/wp-content\/uploads\/2025\/11\/photo-636579498450204535-2-420x208.webp\" width=\"420\" height=\"210\" loading=\"lazy\" alt=\"\" title=\"\"><\/picture><\/figure><\/div><\/div><div class=\"columns__item fade-right\" style=\"align-self:center;\"><h2>Uitbreiding en modernisering<\/h2><p    >In 1969 arriveerden de eerste <strong>caravans<\/strong>. De kampeerplaatsen moesten worden ingericht en er moesten elektriciteit en water worden aangelegd. Het ontbreken van een rioleringsnetwerk leidde ertoe dat een deel van het terrein werd verkocht voor de aanleg van een woonwijk lager op het terrein, zodat de camping op het netwerk kon worden aangesloten. De camping werd comfortabeler en kon uitbreiden.   <\/p><div class=\"lireplus fc-desk\"><p    >Lees meer<\/p><div class=\"group\"><p    >Natuur en stormen<\/p><p    >De camping, sterk beschut door grote cipressen, dennen en groene eiken, werd op <strong>13 februari 1972<\/strong> getroffen door een hevige storm die bijna 300 bomen ontwortelde. De teams werkten hard om het seizoen van 1972 te kunnen openen. <\/p><\/div><\/div><\/div><\/div><\/div><div class=\"group sec-05\"><div class=\"columns\"><div class=\"columns__item fade-right\" style=\"align-self:flex-start;\"><h2>Het eerste \u201chutje\u201d<\/h2><p    >In 1973 werd het eerste volledig houten gebouw opgetrokken, gemaakt van bomen die tijdens de storm waren omgewaaid. Dit gebouw, genaamd <strong>\u201chet hutje<\/strong>\u201d, huisvestte de bar, de speelruimte en de receptie. Er werden bals en barbecuefeesten georganiseerd, waarbij kampeerders en dorpelingen samenkwamen. Later werd het gebouw in steen herbouwd voor meer comfort. Eind 1972 werd er <strong>een vijver<\/strong> gegraven, het zuidelijke bosje opgeruimd en het beekje gekanaliseerd. De camping kon toen tot <strong>150 kampeerplaatsen<\/strong> ontvangen.     <\/p><\/div><div class=\"columns__item fade-right\" style=\"align-self:flex-start;\"><h2>De huidige naam van de camping: La Gr\u00e8ve<\/h2><p    >In 1981 kreeg de camping de naam <strong>La Gr\u00e8ve,<\/strong> verwijzend naar de plaatsnaam aan de rand van het terrein. In 1994 verkocht <strong>Jacques Rio <\/strong>de camping, en tegenwoordig verwelkomen <strong>St\u00e9phane en Virginie Bonal<\/strong>, de vijfde eigenaren, u nog steeds op deze locatie vol geschiedenis en natuur, in het hart van het Pays de Saint-Gilles-Croix-de-Vie. <\/p><\/div><\/div><\/div>","protected":false},"excerpt":{"rendered":"<p>De geschiedenis van camping Le Parc de la Gr\u00e8ve Wacht niet langer! De geschiedenis van camping Le Parc de la Gr\u00e8ve Het begon allemaal eind jaren 1950. Veel jonge Vend\u00e9ens vertrokken naar Parijs om te werken en keerden elk jaar terug op vakantie. Maar door het gebrek aan accommodatie waren ze op zoek naar een [&hellip;]<\/p>\n","protected":false},"author":1,"featured_media":0,"parent":0,"menu_order":0,"comment_status":"closed","ping_status":"closed","template":"","meta":{"_acf_changed":false,"footnotes":""},"acf":[],"_links":{"self":[{"href":"https:\/\/www.leparcdelagreve.com\/nl\/wp-json\/wp\/v2\/pages\/1165"}],"collection":[{"href":"https:\/\/www.leparcdelagreve.com\/nl\/wp-json\/wp\/v2\/pages"}],"about":[{"href":"https:\/\/www.leparcdelagreve.com\/nl\/wp-json\/wp\/v2\/types\/page"}],"author":[{"embeddable":true,"href":"https:\/\/www.leparcdelagreve.com\/nl\/wp-json\/wp\/v2\/users\/1"}],"replies":[{"embeddable":true,"href":"https:\/\/www.leparcdelagreve.com\/nl\/wp-json\/wp\/v2\/comments?post=1165"}],"version-history":[{"count":1,"href":"https:\/\/www.leparcdelagreve.com\/nl\/wp-json\/wp\/v2\/pages\/1165\/revisions"}],"predecessor-version":[{"id":1166,"href":"https:\/\/www.leparcdelagreve.com\/nl\/wp-json\/wp\/v2\/pages\/1165\/revisions\/1166"}],"wp:attachment":[{"href":"https:\/\/www.leparcdelagreve.com\/nl\/wp-json\/wp\/v2\/media?parent=1165"}],"curies":[{"name":"wp","href":"https:\/\/api.w.org\/{rel}","templated":true}]}}